{"id":2306,"date":"2024-03-13T19:31:40","date_gmt":"2024-03-13T22:31:40","guid":{"rendered":"https:\/\/jornadasnelcf.com\/xiv\/?page_id=2306"},"modified":"2024-06-19T16:02:27","modified_gmt":"2024-06-19T19:02:27","slug":"universidades","status":"publish","type":"page","link":"https:\/\/jornadasnelcf.com\/xiv\/hacia-las-jornadas\/universidades\/","title":{"rendered":"Universidades"},"content":{"rendered":"<p><div class=\"fusion-fullwidth fullwidth-box fusion-builder-row-1 fusion-flex-container has-pattern-background has-mask-background nonhundred-percent-fullwidth non-hundred-percent-height-scrolling\" style=\"--awb-border-radius-top-left:0px;--awb-border-radius-top-right:0px;--awb-border-radius-bottom-right:0px;--awb-border-radius-bottom-left:0px;--awb-flex-wrap:wrap;\" ><div class=\"fusion-builder-row fusion-row fusion-flex-align-items-flex-start fusion-flex-content-wrap\" style=\"max-width:1331.2px;margin-left: calc(-4% \/ 2 );margin-right: calc(-4% \/ 2 );\"><div class=\"fusion-layout-column fusion_builder_column fusion-builder-column-0 fusion_builder_column_1_1 1_1 fusion-flex-column\" style=\"--awb-bg-size:cover;--awb-width-large:100%;--awb-margin-top-large:0px;--awb-spacing-right-large:1.92%;--awb-margin-bottom-large:20px;--awb-spacing-left-large:1.92%;--awb-width-medium:100%;--awb-order-medium:0;--awb-spacing-right-medium:1.92%;--awb-spacing-left-medium:1.92%;--awb-width-small:100%;--awb-order-small:0;--awb-spacing-right-small:1.92%;--awb-spacing-left-small:1.92%;\"><div class=\"fusion-column-wrapper fusion-column-has-shadow fusion-flex-justify-content-flex-start fusion-content-layout-column\"><div class=\"fusion-testimonials classic awb-speech-bubble-show fusion-testimonials-1\" style=\"--awb-textcolor:var(--awb-color8);--awb-backgroundcolor:var(--awb-color2);--awb-testimonial-border-style:solid;--awb-testimonial-border-color:var(--awb-color3);--awb-navigation-size:12px;--awb-border-top-left-radius:0px;--awb-border-top-right-radius:0px;--awb-border-bottom-left-radius:0px;--awb-border-bottom-right-radius:0px;--testimonial-border-width-top:0px;--testimonial-border-width-right:0px;--testimonial-border-width-bottom:0px;--testimonial-border-width-left:0px;\" data-random=\"0\" data-speed=\"4000\"><div class=\"reviews\"><div class=\"review active-testimonial alignment-left no-avatar\"><blockquote><div class=\"awb-quote\"><div class=\"awb-quote-content\">\n<p>\u201cEstoy muy contento de ver aqu\u00ed mucha gente joven porque es en.\u2026 en fin, en ellas que yo deposito mi esperanza\u201d<\/p>\n<\/div><\/div><span class=\"awb-triangle\"><\/span><\/blockquote><div class=\"author\"><span class=\"company-name\"><strong>Jacques Lacan<\/strong><span>, <\/span><span>1967. Disertaci\u00f3n p\u00fablica en la Universidad de Mil\u00e1n<\/span><\/span><\/div><\/div><\/div><\/div><div class=\"fusion-separator fusion-full-width-sep\" style=\"align-self: center;margin-left: auto;margin-right: auto;margin-top:20px;margin-bottom:20px;width:100%;\"><\/div><div class=\"fusion-testimonials classic awb-speech-bubble-show fusion-testimonials-2\" style=\"--awb-textcolor:var(--awb-color8);--awb-backgroundcolor:var(--awb-color2);--awb-testimonial-border-style:solid;--awb-testimonial-border-color:var(--awb-color3);--awb-navigation-size:12px;--awb-border-top-left-radius:0px;--awb-border-top-right-radius:0px;--awb-border-bottom-left-radius:0px;--awb-border-bottom-right-radius:0px;--testimonial-border-width-top:0px;--testimonial-border-width-right:0px;--testimonial-border-width-bottom:0px;--testimonial-border-width-left:0px;\" data-random=\"0\" data-speed=\"4000\"><div class=\"reviews\"><div class=\"review active-testimonial alignment-left no-avatar\"><blockquote><div class=\"awb-quote\"><div class=\"awb-quote-content\">\n<p>\u201cHay que ser d\u00f3cil a los j\u00f3venes (\u2026), escuchar el cambio de los tiempos. No es con la memoria de los a\u00f1os 60 que se va a orientar el trabajo\u201d<\/p>\n<\/div><\/div><span class=\"awb-triangle\"><\/span><\/blockquote><div class=\"author\"><span class=\"company-name\"><strong>Jacques-Alain Miller<\/strong><span>, <\/span><span>2021. Presentaci\u00f3n del volumen Pol\u00e9mica Pol\u00edtica<\/span><\/span><\/div><\/div><\/div><\/div><div class=\"fusion-separator fusion-full-width-sep\" style=\"align-self: center;margin-left: auto;margin-right: auto;margin-top:20px;margin-bottom:20px;width:100%;\"><\/div><div class=\"fusion-testimonials classic awb-speech-bubble-show fusion-testimonials-3\" style=\"--awb-textcolor:var(--awb-color8);--awb-backgroundcolor:var(--awb-color2);--awb-testimonial-border-style:solid;--awb-testimonial-border-color:var(--awb-color3);--awb-navigation-size:12px;--awb-border-top-left-radius:0px;--awb-border-top-right-radius:0px;--awb-border-bottom-left-radius:0px;--awb-border-bottom-right-radius:0px;--testimonial-border-width-top:0px;--testimonial-border-width-right:0px;--testimonial-border-width-bottom:0px;--testimonial-border-width-left:0px;\" data-random=\"0\" data-speed=\"4000\"><div class=\"reviews\"><div class=\"review active-testimonial alignment-left no-avatar\"><blockquote><div class=\"awb-quote\"><div class=\"awb-quote-content\">\n<p class=\"Default\" style=\"text-align: justify; line-height: 115%;\"><span lang=\"ES-BO\">\u201cApostemos (\u2026) a que el psicoan\u00e1lisis siga siendo una causa de deseo para las nuevas generaciones\u201d.<\/span><\/p>\n<\/div><\/div><span class=\"awb-triangle\"><\/span><\/blockquote><div class=\"author\"><span class=\"company-name\"><strong>Christiane Alberti<\/strong><span>, <\/span><span>presidente de la AMP, 2023. En la presentaci\u00f3n de la Nueva Pol\u00edtica Juventud<\/span><\/span><\/div><\/div><\/div><\/div><div class=\"fusion-separator fusion-full-width-sep\" style=\"align-self: center;margin-left: auto;margin-right: auto;margin-top:20px;margin-bottom:20px;width:100%;\"><\/div><\/div><\/div><\/div><\/div><div class=\"fusion-fullwidth fullwidth-box fusion-builder-row-2 fusion-flex-container has-pattern-background has-mask-background nonhundred-percent-fullwidth non-hundred-percent-height-scrolling\" style=\"--awb-border-radius-top-left:0px;--awb-border-radius-top-right:0px;--awb-border-radius-bottom-right:0px;--awb-border-radius-bottom-left:0px;--awb-margin-top:40px;--awb-flex-wrap:wrap;\" ><div class=\"fusion-builder-row fusion-row fusion-flex-align-items-flex-start fusion-flex-content-wrap\" style=\"max-width:1331.2px;margin-left: calc(-4% \/ 2 );margin-right: calc(-4% \/ 2 );\"><div class=\"fusion-layout-column fusion_builder_column fusion-builder-column-1 fusion_builder_column_1_1 1_1 fusion-flex-column\" style=\"--awb-bg-size:cover;--awb-width-large:100%;--awb-margin-top-large:0px;--awb-spacing-right-large:1.92%;--awb-margin-bottom-large:20px;--awb-spacing-left-large:1.92%;--awb-width-medium:100%;--awb-order-medium:0;--awb-spacing-right-medium:1.92%;--awb-spacing-left-medium:1.92%;--awb-width-small:100%;--awb-order-small:0;--awb-spacing-right-small:1.92%;--awb-spacing-left-small:1.92%;\"><div class=\"fusion-column-wrapper fusion-column-has-shadow fusion-flex-justify-content-flex-start fusion-content-layout-column\"><div class=\"fusion-recent-works fusion-portfolio-element fusion-portfolio fusion-portfolio-1 fusion-portfolio-grid fusion-portfolio-paging-infinite fusion-portfolio-three fusion-portfolio-no_text fusion-portfolio-rollover\" data-id=\"-rw-1\" data-columns=\"three\"><style type=\"text\/css\">.fusion-portfolio-1 .fusion-portfolio-wrapper .fusion-col-spacing{padding:15px;}<\/style><div class=\"fusion-portfolio-wrapper\" id=\"fusion-portfolio-1\" data-picturesize=\"auto\" data-pages=\"0\" style=\"margin:-15px;\"><article id=\"portfolio-1-post-3190\" class=\"fusion-portfolio-post hacia-las-jornadas-universidades fusion-col-spacing post-3190\"><div class=\"fusion-portfolio-content-wrapper\" style=\"border:none;\"><span class=\"entry-title rich-snippet-hidden\">La eficacia del psicoan\u00e1lisis en el tratamiento de las psicosis &#8211; Universidad Catolica Boliviana San Pablo<\/span><span class=\"vcard rich-snippet-hidden\"><span class=\"fn\"><a href=\"https:\/\/jornadasnelcf.com\/xiv\/author\/admin-jornadas\/\" title=\"Entradas de Admin Jornadas\" rel=\"author\">Admin Jornadas<\/a><\/span><\/span><span class=\"updated rich-snippet-hidden\">2024-10-18T15:13:51-03:00<\/span><div  class=\"fusion-image-wrapper\" aria-haspopup=\"true\">\n\t\t\t\t<img decoding=\"async\" width=\"1080\" height=\"1343\" src=\"https:\/\/jornadasnelcf.com\/xiv\/wp-content\/uploads\/sites\/3\/2024\/10\/UCB-afiche-1.jpeg\" class=\"attachment-full size-full lazyload wp-post-image\" alt=\"\" srcset=\"data:image\/svg+xml,%3Csvg%20xmlns%3D%27http%3A%2F%2Fwww.w3.org%2F2000%2Fsvg%27%20width%3D%271080%27%20height%3D%271343%27%20viewBox%3D%270%200%201080%201343%27%3E%3Crect%20width%3D%271080%27%20height%3D%271343%27%20fill-opacity%3D%220%22%2F%3E%3C%2Fsvg%3E\" data-orig-src=\"https:\/\/jornadasnelcf.com\/xiv\/wp-content\/uploads\/sites\/3\/2024\/10\/UCB-afiche-1.jpeg\" data-srcset=\"https:\/\/jornadasnelcf.com\/xiv\/wp-content\/uploads\/sites\/3\/2024\/10\/UCB-afiche-1-200x249.jpeg 200w, https:\/\/jornadasnelcf.com\/xiv\/wp-content\/uploads\/sites\/3\/2024\/10\/UCB-afiche-1-400x497.jpeg 400w, https:\/\/jornadasnelcf.com\/xiv\/wp-content\/uploads\/sites\/3\/2024\/10\/UCB-afiche-1-600x746.jpeg 600w, https:\/\/jornadasnelcf.com\/xiv\/wp-content\/uploads\/sites\/3\/2024\/10\/UCB-afiche-1-800x995.jpeg 800w, https:\/\/jornadasnelcf.com\/xiv\/wp-content\/uploads\/sites\/3\/2024\/10\/UCB-afiche-1.jpeg 1080w\" data-sizes=\"auto\" \/><div class=\"fusion-rollover\">\n\t<div class=\"fusion-rollover-content\">\n\n\t\t\t\t\n\t\t\n\t\t\t\t\t\t\t\t\t\t\t\t<h4 class=\"fusion-rollover-title\">\n\t\t\t\t\t<a class=\"fusion-rollover-title-link\" href=\"https:\/\/jornadasnelcf.com\/xiv\/our-projects\/la-eficacia-del-psicoanalisis-en-el-tratamiento-de-las-psicosis-universidad-catolica-boliviana-san-pablo\/?portfolioCats=46\">\n\t\t\t\t\t\tLa eficacia del psicoan\u00e1lisis en el tratamiento de las psicosis &#8211; Universidad Catolica Boliviana San Pablo\t\t\t\t\t<\/a>\n\t\t\t\t<\/h4>\n\t\t\t\n\t\t\t\t\t\t\t\t\n\t\t\n\t\t\t\t\t\t<a class=\"fusion-link-wrapper\" href=\"https:\/\/jornadasnelcf.com\/xiv\/our-projects\/la-eficacia-del-psicoanalisis-en-el-tratamiento-de-las-psicosis-universidad-catolica-boliviana-san-pablo\/?portfolioCats=46\" aria-label=\"La eficacia del psicoan\u00e1lisis en el tratamiento de las psicosis &#8211; Universidad Catolica Boliviana San Pablo\"><\/a>\n\t<\/div>\n<\/div>\n<\/div>\n<\/div><\/article><article id=\"portfolio-1-post-3163\" class=\"fusion-portfolio-post hacia-las-jornadas-universidades fusion-col-spacing post-3163\"><div class=\"fusion-portfolio-content-wrapper\" style=\"border:none;\"><span class=\"entry-title rich-snippet-hidden\">Cuerpo, Psicosis e Instituci\u00f3n &#8211; Universidad de San Buenaventura Cali<\/span><span class=\"vcard rich-snippet-hidden\"><span class=\"fn\"><a href=\"https:\/\/jornadasnelcf.com\/xiv\/author\/admin-jornadas\/\" title=\"Entradas de Admin Jornadas\" rel=\"author\">Admin Jornadas<\/a><\/span><\/span><span class=\"updated rich-snippet-hidden\">2024-09-15T20:17:36-03:00<\/span><div  class=\"fusion-image-wrapper\" aria-haspopup=\"true\">\n\t\t\t\t<img decoding=\"async\" width=\"1080\" height=\"1080\" src=\"https:\/\/jornadasnelcf.com\/xiv\/wp-content\/uploads\/sites\/3\/2024\/09\/UNIVERSIDAD-SAN-BUENA-AVENTURA.jpeg\" class=\"attachment-full size-full lazyload wp-post-image\" alt=\"\" srcset=\"data:image\/svg+xml,%3Csvg%20xmlns%3D%27http%3A%2F%2Fwww.w3.org%2F2000%2Fsvg%27%20width%3D%271080%27%20height%3D%271080%27%20viewBox%3D%270%200%201080%201080%27%3E%3Crect%20width%3D%271080%27%20height%3D%271080%27%20fill-opacity%3D%220%22%2F%3E%3C%2Fsvg%3E\" data-orig-src=\"https:\/\/jornadasnelcf.com\/xiv\/wp-content\/uploads\/sites\/3\/2024\/09\/UNIVERSIDAD-SAN-BUENA-AVENTURA.jpeg\" data-srcset=\"https:\/\/jornadasnelcf.com\/xiv\/wp-content\/uploads\/sites\/3\/2024\/09\/UNIVERSIDAD-SAN-BUENA-AVENTURA-200x200.jpeg 200w, https:\/\/jornadasnelcf.com\/xiv\/wp-content\/uploads\/sites\/3\/2024\/09\/UNIVERSIDAD-SAN-BUENA-AVENTURA-400x400.jpeg 400w, https:\/\/jornadasnelcf.com\/xiv\/wp-content\/uploads\/sites\/3\/2024\/09\/UNIVERSIDAD-SAN-BUENA-AVENTURA-600x600.jpeg 600w, https:\/\/jornadasnelcf.com\/xiv\/wp-content\/uploads\/sites\/3\/2024\/09\/UNIVERSIDAD-SAN-BUENA-AVENTURA-800x800.jpeg 800w, https:\/\/jornadasnelcf.com\/xiv\/wp-content\/uploads\/sites\/3\/2024\/09\/UNIVERSIDAD-SAN-BUENA-AVENTURA.jpeg 1080w\" data-sizes=\"auto\" \/><div class=\"fusion-rollover\">\n\t<div class=\"fusion-rollover-content\">\n\n\t\t\t\t\n\t\t\n\t\t\t\t\t\t\t\t\t\t\t\t<h4 class=\"fusion-rollover-title\">\n\t\t\t\t\t<a class=\"fusion-rollover-title-link\" href=\"https:\/\/jornadasnelcf.com\/xiv\/our-projects\/cuerpo-psicosis-e-institucion-universidad-de-san-buenaventura-cali\/?portfolioCats=46\">\n\t\t\t\t\t\tCuerpo, Psicosis e Instituci\u00f3n &#8211; Universidad de San Buenaventura Cali\t\t\t\t\t<\/a>\n\t\t\t\t<\/h4>\n\t\t\t\n\t\t\t\t\t\t\t\t\n\t\t\n\t\t\t\t\t\t<a class=\"fusion-link-wrapper\" href=\"https:\/\/jornadasnelcf.com\/xiv\/our-projects\/cuerpo-psicosis-e-institucion-universidad-de-san-buenaventura-cali\/?portfolioCats=46\" aria-label=\"Cuerpo, Psicosis e Instituci\u00f3n &#8211; Universidad de San Buenaventura Cali\"><\/a>\n\t<\/div>\n<\/div>\n<\/div>\n<\/div><\/article><article id=\"portfolio-1-post-3155\" class=\"fusion-portfolio-post hacia-las-jornadas-universidades fusion-col-spacing post-3155\"><div class=\"fusion-portfolio-content-wrapper\" style=\"border:none;\"><span class=\"entry-title rich-snippet-hidden\">Embrollos del cuerpo en la psicosis &#8211; UPAL Universidad Abierta de America Latina<\/span><span class=\"vcard rich-snippet-hidden\"><span class=\"fn\"><a href=\"https:\/\/jornadasnelcf.com\/xiv\/author\/admin-jornadas\/\" title=\"Entradas de Admin Jornadas\" rel=\"author\">Admin Jornadas<\/a><\/span><\/span><span class=\"updated rich-snippet-hidden\">2024-09-15T20:15:11-03:00<\/span><div  class=\"fusion-image-wrapper\" aria-haspopup=\"true\">\n\t\t\t\t<img decoding=\"async\" width=\"518\" height=\"524\" src=\"https:\/\/jornadasnelcf.com\/xiv\/wp-content\/uploads\/sites\/3\/2024\/09\/Afiche-UPAL.jpeg\" class=\"attachment-full size-full lazyload wp-post-image\" alt=\"\" srcset=\"data:image\/svg+xml,%3Csvg%20xmlns%3D%27http%3A%2F%2Fwww.w3.org%2F2000%2Fsvg%27%20width%3D%27518%27%20height%3D%27524%27%20viewBox%3D%270%200%20518%20524%27%3E%3Crect%20width%3D%27518%27%20height%3D%27524%27%20fill-opacity%3D%220%22%2F%3E%3C%2Fsvg%3E\" data-orig-src=\"https:\/\/jornadasnelcf.com\/xiv\/wp-content\/uploads\/sites\/3\/2024\/09\/Afiche-UPAL.jpeg\" data-srcset=\"https:\/\/jornadasnelcf.com\/xiv\/wp-content\/uploads\/sites\/3\/2024\/09\/Afiche-UPAL-200x202.jpeg 200w, https:\/\/jornadasnelcf.com\/xiv\/wp-content\/uploads\/sites\/3\/2024\/09\/Afiche-UPAL-400x405.jpeg 400w, https:\/\/jornadasnelcf.com\/xiv\/wp-content\/uploads\/sites\/3\/2024\/09\/Afiche-UPAL.jpeg 518w\" data-sizes=\"auto\" \/><div class=\"fusion-rollover\">\n\t<div class=\"fusion-rollover-content\">\n\n\t\t\t\t\n\t\t\n\t\t\t\t\t\t\t\t\t\t\t\t<h4 class=\"fusion-rollover-title\">\n\t\t\t\t\t<a class=\"fusion-rollover-title-link\" href=\"https:\/\/jornadasnelcf.com\/xiv\/our-projects\/embrollos-del-cuerpo-en-la-psicosis-upal-universidad-abierta-de-america-latina\/?portfolioCats=46\">\n\t\t\t\t\t\tEmbrollos del cuerpo en la psicosis &#8211; UPAL Universidad Abierta de America Latina\t\t\t\t\t<\/a>\n\t\t\t\t<\/h4>\n\t\t\t\n\t\t\t\t\t\t\t\t\n\t\t\n\t\t\t\t\t\t<a class=\"fusion-link-wrapper\" href=\"https:\/\/jornadasnelcf.com\/xiv\/our-projects\/embrollos-del-cuerpo-en-la-psicosis-upal-universidad-abierta-de-america-latina\/?portfolioCats=46\" aria-label=\"Embrollos del cuerpo en la psicosis &#8211; UPAL Universidad Abierta de America Latina\"><\/a>\n\t<\/div>\n<\/div>\n<\/div>\n<\/div><\/article><article id=\"portfolio-1-post-3043\" class=\"fusion-portfolio-post hacia-las-jornadas-universidades fusion-col-spacing post-3043\"><div class=\"fusion-portfolio-content-wrapper\" style=\"border:none;\"><span class=\"entry-title rich-snippet-hidden\">El cuerpo en el arte y la psicosis, Universidad Central de Caracas, Venezuela<\/span><span class=\"vcard rich-snippet-hidden\"><span class=\"fn\"><a href=\"https:\/\/jornadasnelcf.com\/xiv\/author\/admin-jornadas\/\" title=\"Entradas de Admin Jornadas\" rel=\"author\">Admin Jornadas<\/a><\/span><\/span><span class=\"updated rich-snippet-hidden\">2024-08-04T21:41:06-03:00<\/span><div  class=\"fusion-image-wrapper\" aria-haspopup=\"true\">\n\t\t\t\t<img decoding=\"async\" width=\"1080\" height=\"566\" src=\"https:\/\/jornadasnelcf.com\/xiv\/wp-content\/uploads\/sites\/3\/2024\/08\/AFICHE-UNIVERSIDAD-CENTRAL-CARACAS.jpeg\" class=\"attachment-full size-full lazyload wp-post-image\" alt=\"\" srcset=\"data:image\/svg+xml,%3Csvg%20xmlns%3D%27http%3A%2F%2Fwww.w3.org%2F2000%2Fsvg%27%20width%3D%271080%27%20height%3D%27566%27%20viewBox%3D%270%200%201080%20566%27%3E%3Crect%20width%3D%271080%27%20height%3D%27566%27%20fill-opacity%3D%220%22%2F%3E%3C%2Fsvg%3E\" data-orig-src=\"https:\/\/jornadasnelcf.com\/xiv\/wp-content\/uploads\/sites\/3\/2024\/08\/AFICHE-UNIVERSIDAD-CENTRAL-CARACAS.jpeg\" data-srcset=\"https:\/\/jornadasnelcf.com\/xiv\/wp-content\/uploads\/sites\/3\/2024\/08\/AFICHE-UNIVERSIDAD-CENTRAL-CARACAS-200x105.jpeg 200w, https:\/\/jornadasnelcf.com\/xiv\/wp-content\/uploads\/sites\/3\/2024\/08\/AFICHE-UNIVERSIDAD-CENTRAL-CARACAS-400x210.jpeg 400w, https:\/\/jornadasnelcf.com\/xiv\/wp-content\/uploads\/sites\/3\/2024\/08\/AFICHE-UNIVERSIDAD-CENTRAL-CARACAS-600x314.jpeg 600w, https:\/\/jornadasnelcf.com\/xiv\/wp-content\/uploads\/sites\/3\/2024\/08\/AFICHE-UNIVERSIDAD-CENTRAL-CARACAS-800x419.jpeg 800w, https:\/\/jornadasnelcf.com\/xiv\/wp-content\/uploads\/sites\/3\/2024\/08\/AFICHE-UNIVERSIDAD-CENTRAL-CARACAS.jpeg 1080w\" data-sizes=\"auto\" \/><div class=\"fusion-rollover\">\n\t<div class=\"fusion-rollover-content\">\n\n\t\t\t\t\n\t\t\n\t\t\t\t\t\t\t\t\t\t\t\t<h4 class=\"fusion-rollover-title\">\n\t\t\t\t\t<a class=\"fusion-rollover-title-link\" href=\"https:\/\/jornadasnelcf.com\/xiv\/our-projects\/el-cuerpo-en-el-arte-y-la-psicosis-universidad-central-de-caracas-venezuela\/?portfolioCats=46\">\n\t\t\t\t\t\tEl cuerpo en el arte y la psicosis, Universidad Central de Caracas, Venezuela\t\t\t\t\t<\/a>\n\t\t\t\t<\/h4>\n\t\t\t\n\t\t\t\t\t\t\t\t\n\t\t\n\t\t\t\t\t\t<a class=\"fusion-link-wrapper\" href=\"https:\/\/jornadasnelcf.com\/xiv\/our-projects\/el-cuerpo-en-el-arte-y-la-psicosis-universidad-central-de-caracas-venezuela\/?portfolioCats=46\" aria-label=\"El cuerpo en el arte y la psicosis, Universidad Central de Caracas, Venezuela\"><\/a>\n\t<\/div>\n<\/div>\n<\/div>\n<\/div><\/article><article id=\"portfolio-1-post-3033\" class=\"fusion-portfolio-post hacia-las-jornadas-universidades fusion-col-spacing post-3033\"><div class=\"fusion-portfolio-content-wrapper\" style=\"border:none;\"><span class=\"entry-title rich-snippet-hidden\">El cuerpo del psic\u00f3tico en la cl\u00ednica, Pont\u00edfica Universidad Cat\u00f3lica de Chile<\/span><span class=\"vcard rich-snippet-hidden\"><span class=\"fn\"><a href=\"https:\/\/jornadasnelcf.com\/xiv\/author\/admin-jornadas\/\" title=\"Entradas de Admin Jornadas\" rel=\"author\">Admin Jornadas<\/a><\/span><\/span><span class=\"updated rich-snippet-hidden\">2024-08-03T20:11:18-03:00<\/span><div  class=\"fusion-image-wrapper\" aria-haspopup=\"true\">\n\t\t\t\t<img decoding=\"async\" width=\"907\" height=\"1280\" src=\"https:\/\/jornadasnelcf.com\/xiv\/wp-content\/uploads\/sites\/3\/2024\/08\/AFICHE-Pontificia-Universidad-Catolica-de-Chile.jpeg\" class=\"attachment-full size-full lazyload wp-post-image\" alt=\"\" srcset=\"data:image\/svg+xml,%3Csvg%20xmlns%3D%27http%3A%2F%2Fwww.w3.org%2F2000%2Fsvg%27%20width%3D%27907%27%20height%3D%271280%27%20viewBox%3D%270%200%20907%201280%27%3E%3Crect%20width%3D%27907%27%20height%3D%271280%27%20fill-opacity%3D%220%22%2F%3E%3C%2Fsvg%3E\" data-orig-src=\"https:\/\/jornadasnelcf.com\/xiv\/wp-content\/uploads\/sites\/3\/2024\/08\/AFICHE-Pontificia-Universidad-Catolica-de-Chile.jpeg\" data-srcset=\"https:\/\/jornadasnelcf.com\/xiv\/wp-content\/uploads\/sites\/3\/2024\/08\/AFICHE-Pontificia-Universidad-Catolica-de-Chile-200x282.jpeg 200w, https:\/\/jornadasnelcf.com\/xiv\/wp-content\/uploads\/sites\/3\/2024\/08\/AFICHE-Pontificia-Universidad-Catolica-de-Chile-400x564.jpeg 400w, https:\/\/jornadasnelcf.com\/xiv\/wp-content\/uploads\/sites\/3\/2024\/08\/AFICHE-Pontificia-Universidad-Catolica-de-Chile-600x847.jpeg 600w, https:\/\/jornadasnelcf.com\/xiv\/wp-content\/uploads\/sites\/3\/2024\/08\/AFICHE-Pontificia-Universidad-Catolica-de-Chile-800x1129.jpeg 800w, https:\/\/jornadasnelcf.com\/xiv\/wp-content\/uploads\/sites\/3\/2024\/08\/AFICHE-Pontificia-Universidad-Catolica-de-Chile.jpeg 907w\" data-sizes=\"auto\" \/><div class=\"fusion-rollover\">\n\t<div class=\"fusion-rollover-content\">\n\n\t\t\t\t\n\t\t\n\t\t\t\t\t\t\t\t\t\t\t\t<h4 class=\"fusion-rollover-title\">\n\t\t\t\t\t<a class=\"fusion-rollover-title-link\" href=\"https:\/\/jornadasnelcf.com\/xiv\/our-projects\/el-cuerpo-del-psicotico-en-la-clinica-pontifica-universidad-catolica-de-chile\/?portfolioCats=46\">\n\t\t\t\t\t\tEl cuerpo del psic\u00f3tico en la cl\u00ednica, Pont\u00edfica Universidad Cat\u00f3lica de Chile\t\t\t\t\t<\/a>\n\t\t\t\t<\/h4>\n\t\t\t\n\t\t\t\t\t\t\t\t\n\t\t\n\t\t\t\t\t\t<a class=\"fusion-link-wrapper\" href=\"https:\/\/jornadasnelcf.com\/xiv\/our-projects\/el-cuerpo-del-psicotico-en-la-clinica-pontifica-universidad-catolica-de-chile\/?portfolioCats=46\" aria-label=\"El cuerpo del psic\u00f3tico en la cl\u00ednica, Pont\u00edfica Universidad Cat\u00f3lica de Chile\"><\/a>\n\t<\/div>\n<\/div>\n<\/div>\n<\/div><\/article><article id=\"portfolio-1-post-2939\" class=\"fusion-portfolio-post hacia-las-jornadas-universidades fusion-col-spacing post-2939\"><div class=\"fusion-portfolio-content-wrapper\" style=\"border:none;\"><span class=\"entry-title rich-snippet-hidden\">\u201cEl cuerpo y sus acontecimientos\u201d a cargo de Ana Vigan\u00f3, Presidente de la NELcf, Analista Miembro de Escuela (AME), NELcf y AMP &#8211; Universidad de Colombia<\/span><span class=\"vcard rich-snippet-hidden\"><span class=\"fn\"><a href=\"https:\/\/jornadasnelcf.com\/xiv\/author\/admin-jornadas\/\" title=\"Entradas de Admin Jornadas\" rel=\"author\">Admin Jornadas<\/a><\/span><\/span><span class=\"updated rich-snippet-hidden\">2024-06-19T16:19:51-03:00<\/span><div  class=\"fusion-image-wrapper\" aria-haspopup=\"true\">\n\t\t\t\t<img decoding=\"async\" width=\"700\" height=\"1244\" src=\"https:\/\/jornadasnelcf.com\/xiv\/wp-content\/uploads\/sites\/3\/2024\/06\/El-cuerpo-y-sus-acontecimientos.jpg\" class=\"attachment-full size-full lazyload wp-post-image\" alt=\"\" srcset=\"data:image\/svg+xml,%3Csvg%20xmlns%3D%27http%3A%2F%2Fwww.w3.org%2F2000%2Fsvg%27%20width%3D%27700%27%20height%3D%271244%27%20viewBox%3D%270%200%20700%201244%27%3E%3Crect%20width%3D%27700%27%20height%3D%271244%27%20fill-opacity%3D%220%22%2F%3E%3C%2Fsvg%3E\" data-orig-src=\"https:\/\/jornadasnelcf.com\/xiv\/wp-content\/uploads\/sites\/3\/2024\/06\/El-cuerpo-y-sus-acontecimientos.jpg\" data-srcset=\"https:\/\/jornadasnelcf.com\/xiv\/wp-content\/uploads\/sites\/3\/2024\/06\/El-cuerpo-y-sus-acontecimientos-200x355.jpg 200w, https:\/\/jornadasnelcf.com\/xiv\/wp-content\/uploads\/sites\/3\/2024\/06\/El-cuerpo-y-sus-acontecimientos-400x711.jpg 400w, https:\/\/jornadasnelcf.com\/xiv\/wp-content\/uploads\/sites\/3\/2024\/06\/El-cuerpo-y-sus-acontecimientos-600x1066.jpg 600w, https:\/\/jornadasnelcf.com\/xiv\/wp-content\/uploads\/sites\/3\/2024\/06\/El-cuerpo-y-sus-acontecimientos.jpg 700w\" data-sizes=\"auto\" \/><div class=\"fusion-rollover\">\n\t<div class=\"fusion-rollover-content\">\n\n\t\t\t\t\n\t\t\n\t\t\t\t\t\t\t\t\t\t\t\t<h4 class=\"fusion-rollover-title\">\n\t\t\t\t\t<a class=\"fusion-rollover-title-link\" href=\"https:\/\/jornadasnelcf.com\/xiv\/our-projects\/el-cuerpo-y-sus-acontecimientos-a-cargo-de-ana-vigano-presidente-de-la-nelcf-analista-miembro-de-escuela-ame-nelcf-y-amp-universidad-de-colombia\/?portfolioCats=46\">\n\t\t\t\t\t\t\u201cEl cuerpo y sus acontecimientos\u201d a cargo de Ana Vigan\u00f3, Presidente de la NELcf, Analista Miembro de Escuela (AME), NELcf y AMP &#8211; Universidad de Colombia\t\t\t\t\t<\/a>\n\t\t\t\t<\/h4>\n\t\t\t\n\t\t\t\t\t\t\t\t\n\t\t\n\t\t\t\t\t\t<a class=\"fusion-link-wrapper\" href=\"https:\/\/jornadasnelcf.com\/xiv\/our-projects\/el-cuerpo-y-sus-acontecimientos-a-cargo-de-ana-vigano-presidente-de-la-nelcf-analista-miembro-de-escuela-ame-nelcf-y-amp-universidad-de-colombia\/?portfolioCats=46\" aria-label=\"\u201cEl cuerpo y sus acontecimientos\u201d a cargo de Ana Vigan\u00f3, Presidente de la NELcf, Analista Miembro de Escuela (AME), NELcf y AMP &#8211; Universidad de Colombia\"><\/a>\n\t<\/div>\n<\/div>\n<\/div>\n<\/div><\/article><article id=\"portfolio-1-post-2936\" class=\"fusion-portfolio-post hacia-las-jornadas-universidades fusion-col-spacing post-2936\"><div class=\"fusion-portfolio-content-wrapper\" style=\"border:none;\"><span class=\"entry-title rich-snippet-hidden\">\u201cAdorar su cuerpo\u201d a cargo de Omar\u00efa Meseguer, miembro de la ECF y la AMP &#8211; Universidad de los Andes Bogot\u00e1, Colombia<\/span><span class=\"vcard rich-snippet-hidden\"><span class=\"fn\"><a href=\"https:\/\/jornadasnelcf.com\/xiv\/author\/admin-jornadas\/\" title=\"Entradas de Admin Jornadas\" rel=\"author\">Admin Jornadas<\/a><\/span><\/span><span class=\"updated rich-snippet-hidden\">2024-06-19T16:18:55-03:00<\/span><div  class=\"fusion-image-wrapper\" aria-haspopup=\"true\">\n\t\t\t\t<img decoding=\"async\" width=\"720\" height=\"1280\" src=\"https:\/\/jornadasnelcf.com\/xiv\/wp-content\/uploads\/sites\/3\/2024\/06\/Adorar-su-cuerpo.jpeg\" class=\"attachment-full size-full lazyload wp-post-image\" alt=\"\" srcset=\"data:image\/svg+xml,%3Csvg%20xmlns%3D%27http%3A%2F%2Fwww.w3.org%2F2000%2Fsvg%27%20width%3D%27720%27%20height%3D%271280%27%20viewBox%3D%270%200%20720%201280%27%3E%3Crect%20width%3D%27720%27%20height%3D%271280%27%20fill-opacity%3D%220%22%2F%3E%3C%2Fsvg%3E\" data-orig-src=\"https:\/\/jornadasnelcf.com\/xiv\/wp-content\/uploads\/sites\/3\/2024\/06\/Adorar-su-cuerpo.jpeg\" data-srcset=\"https:\/\/jornadasnelcf.com\/xiv\/wp-content\/uploads\/sites\/3\/2024\/06\/Adorar-su-cuerpo-200x356.jpeg 200w, https:\/\/jornadasnelcf.com\/xiv\/wp-content\/uploads\/sites\/3\/2024\/06\/Adorar-su-cuerpo-400x711.jpeg 400w, https:\/\/jornadasnelcf.com\/xiv\/wp-content\/uploads\/sites\/3\/2024\/06\/Adorar-su-cuerpo-600x1067.jpeg 600w, https:\/\/jornadasnelcf.com\/xiv\/wp-content\/uploads\/sites\/3\/2024\/06\/Adorar-su-cuerpo.jpeg 720w\" data-sizes=\"auto\" \/><div class=\"fusion-rollover\">\n\t<div class=\"fusion-rollover-content\">\n\n\t\t\t\t\n\t\t\n\t\t\t\t\t\t\t\t\t\t\t\t<h4 class=\"fusion-rollover-title\">\n\t\t\t\t\t<a class=\"fusion-rollover-title-link\" href=\"https:\/\/jornadasnelcf.com\/xiv\/our-projects\/adorar-su-cuerpo-a-cargo-de-omaria-meseguer-miembro-de-la-ecf-y-la-amp-universidad-de-los-andes-bogota-colombia\/?portfolioCats=46\">\n\t\t\t\t\t\t\u201cAdorar su cuerpo\u201d a cargo de Omar\u00efa Meseguer, miembro de la ECF y la AMP &#8211; Universidad de los Andes Bogot\u00e1, Colombia\t\t\t\t\t<\/a>\n\t\t\t\t<\/h4>\n\t\t\t\n\t\t\t\t\t\t\t\t\n\t\t\n\t\t\t\t\t\t<a class=\"fusion-link-wrapper\" href=\"https:\/\/jornadasnelcf.com\/xiv\/our-projects\/adorar-su-cuerpo-a-cargo-de-omaria-meseguer-miembro-de-la-ecf-y-la-amp-universidad-de-los-andes-bogota-colombia\/?portfolioCats=46\" aria-label=\"\u201cAdorar su cuerpo\u201d a cargo de Omar\u00efa Meseguer, miembro de la ECF y la AMP &#8211; Universidad de los Andes Bogot\u00e1, Colombia\"><\/a>\n\t<\/div>\n<\/div>\n<\/div>\n<\/div><\/article><article id=\"portfolio-1-post-2897\" class=\"fusion-portfolio-post hacia-las-jornadas-universidades fusion-col-spacing post-2897\"><div class=\"fusion-portfolio-content-wrapper\" style=\"border:none;\"><span class=\"entry-title rich-snippet-hidden\">An\u00e1lisis de la Pel\u00edcula: \u201cI am a Cyborg, but it\u2019s ok\u201d &#8211; Universidad Privada de Santa Cruz de la Sierra, Bolivia<\/span><span class=\"vcard rich-snippet-hidden\"><span class=\"fn\"><a href=\"https:\/\/jornadasnelcf.com\/xiv\/author\/admin-jornadas\/\" title=\"Entradas de Admin Jornadas\" rel=\"author\">Admin Jornadas<\/a><\/span><\/span><span class=\"updated rich-snippet-hidden\">2024-06-19T18:31:21-03:00<\/span><div  class=\"fusion-image-wrapper\" aria-haspopup=\"true\">\n\t\t\t\t<img decoding=\"async\" width=\"1131\" height=\"1600\" src=\"https:\/\/jornadasnelcf.com\/xiv\/wp-content\/uploads\/sites\/3\/2024\/06\/Analisis-pelicula-Yo-soy-Cyborg.jpg\" class=\"attachment-full size-full lazyload wp-post-image\" alt=\"\" srcset=\"data:image\/svg+xml,%3Csvg%20xmlns%3D%27http%3A%2F%2Fwww.w3.org%2F2000%2Fsvg%27%20width%3D%271131%27%20height%3D%271600%27%20viewBox%3D%270%200%201131%201600%27%3E%3Crect%20width%3D%271131%27%20height%3D%271600%27%20fill-opacity%3D%220%22%2F%3E%3C%2Fsvg%3E\" data-orig-src=\"https:\/\/jornadasnelcf.com\/xiv\/wp-content\/uploads\/sites\/3\/2024\/06\/Analisis-pelicula-Yo-soy-Cyborg.jpg\" data-srcset=\"https:\/\/jornadasnelcf.com\/xiv\/wp-content\/uploads\/sites\/3\/2024\/06\/Analisis-pelicula-Yo-soy-Cyborg-200x283.jpg 200w, https:\/\/jornadasnelcf.com\/xiv\/wp-content\/uploads\/sites\/3\/2024\/06\/Analisis-pelicula-Yo-soy-Cyborg-400x566.jpg 400w, https:\/\/jornadasnelcf.com\/xiv\/wp-content\/uploads\/sites\/3\/2024\/06\/Analisis-pelicula-Yo-soy-Cyborg-600x849.jpg 600w, https:\/\/jornadasnelcf.com\/xiv\/wp-content\/uploads\/sites\/3\/2024\/06\/Analisis-pelicula-Yo-soy-Cyborg-800x1132.jpg 800w, https:\/\/jornadasnelcf.com\/xiv\/wp-content\/uploads\/sites\/3\/2024\/06\/Analisis-pelicula-Yo-soy-Cyborg.jpg 1131w\" data-sizes=\"auto\" \/><div class=\"fusion-rollover\">\n\t<div class=\"fusion-rollover-content\">\n\n\t\t\t\t\n\t\t\n\t\t\t\t\t\t\t\t\t\t\t\t<h4 class=\"fusion-rollover-title\">\n\t\t\t\t\t<a class=\"fusion-rollover-title-link\" href=\"https:\/\/jornadasnelcf.com\/xiv\/our-projects\/analisis-de-la-pelicula-i-am-a-cyborg-but-its-ok-universidad-privada-de-santa-cruz-de-la-sierra\/?portfolioCats=46\">\n\t\t\t\t\t\tAn\u00e1lisis de la Pel\u00edcula: \u201cI am a Cyborg, but it\u2019s ok\u201d &#8211; Universidad Privada de Santa Cruz de la Sierra, Bolivia\t\t\t\t\t<\/a>\n\t\t\t\t<\/h4>\n\t\t\t\n\t\t\t\t\t\t\t\t\n\t\t\n\t\t\t\t\t\t<a class=\"fusion-link-wrapper\" href=\"https:\/\/jornadasnelcf.com\/xiv\/our-projects\/analisis-de-la-pelicula-i-am-a-cyborg-but-its-ok-universidad-privada-de-santa-cruz-de-la-sierra\/?portfolioCats=46\" aria-label=\"An\u00e1lisis de la Pel\u00edcula: \u201cI am a Cyborg, but it\u2019s ok\u201d &#8211; Universidad Privada de Santa Cruz de la Sierra, Bolivia\"><\/a>\n\t<\/div>\n<\/div>\n<\/div>\n<\/div><\/article><article id=\"portfolio-1-post-2890\" class=\"fusion-portfolio-post hacia-las-jornadas-universidades fusion-col-spacing post-2890\"><div class=\"fusion-portfolio-content-wrapper\" style=\"border:none;\"><span class=\"entry-title rich-snippet-hidden\">Seminario: \u201cPsicosis y Locuras\u201d &#8211; Universidad Privada Abierta Latinoamericana UPAL, Cochabamba, Bolivia<\/span><span class=\"vcard rich-snippet-hidden\"><span class=\"fn\"><a href=\"https:\/\/jornadasnelcf.com\/xiv\/author\/admin-jornadas\/\" title=\"Entradas de Admin Jornadas\" rel=\"author\">Admin Jornadas<\/a><\/span><\/span><span class=\"updated rich-snippet-hidden\">2024-06-19T18:31:50-03:00<\/span><div  class=\"fusion-image-wrapper\" aria-haspopup=\"true\">\n\t\t\t\t<img decoding=\"async\" width=\"640\" height=\"640\" src=\"https:\/\/jornadasnelcf.com\/xiv\/wp-content\/uploads\/sites\/3\/2024\/06\/Psicosis-y-Locura.jpeg\" class=\"attachment-full size-full lazyload wp-post-image\" alt=\"\" srcset=\"data:image\/svg+xml,%3Csvg%20xmlns%3D%27http%3A%2F%2Fwww.w3.org%2F2000%2Fsvg%27%20width%3D%27640%27%20height%3D%27640%27%20viewBox%3D%270%200%20640%20640%27%3E%3Crect%20width%3D%27640%27%20height%3D%27640%27%20fill-opacity%3D%220%22%2F%3E%3C%2Fsvg%3E\" data-orig-src=\"https:\/\/jornadasnelcf.com\/xiv\/wp-content\/uploads\/sites\/3\/2024\/06\/Psicosis-y-Locura.jpeg\" data-srcset=\"https:\/\/jornadasnelcf.com\/xiv\/wp-content\/uploads\/sites\/3\/2024\/06\/Psicosis-y-Locura-200x200.jpeg 200w, https:\/\/jornadasnelcf.com\/xiv\/wp-content\/uploads\/sites\/3\/2024\/06\/Psicosis-y-Locura-400x400.jpeg 400w, https:\/\/jornadasnelcf.com\/xiv\/wp-content\/uploads\/sites\/3\/2024\/06\/Psicosis-y-Locura-600x600.jpeg 600w, https:\/\/jornadasnelcf.com\/xiv\/wp-content\/uploads\/sites\/3\/2024\/06\/Psicosis-y-Locura.jpeg 640w\" data-sizes=\"auto\" \/><div class=\"fusion-rollover\">\n\t<div class=\"fusion-rollover-content\">\n\n\t\t\t\t\n\t\t\n\t\t\t\t\t\t\t\t\t\t\t\t<h4 class=\"fusion-rollover-title\">\n\t\t\t\t\t<a class=\"fusion-rollover-title-link\" href=\"https:\/\/jornadasnelcf.com\/xiv\/our-projects\/seminario-psicosis-y-locuras-universidad-privada-abierta-latinoamericana-upal-cochabamba-bolivia\/?portfolioCats=46\">\n\t\t\t\t\t\tSeminario: \u201cPsicosis y Locuras\u201d &#8211; Universidad Privada Abierta Latinoamericana UPAL, Cochabamba, Bolivia\t\t\t\t\t<\/a>\n\t\t\t\t<\/h4>\n\t\t\t\n\t\t\t\t\t\t\t\t\n\t\t\n\t\t\t\t\t\t<a class=\"fusion-link-wrapper\" href=\"https:\/\/jornadasnelcf.com\/xiv\/our-projects\/seminario-psicosis-y-locuras-universidad-privada-abierta-latinoamericana-upal-cochabamba-bolivia\/?portfolioCats=46\" aria-label=\"Seminario: \u201cPsicosis y Locuras\u201d &#8211; Universidad Privada Abierta Latinoamericana UPAL, Cochabamba, Bolivia\"><\/a>\n\t<\/div>\n<\/div>\n<\/div>\n<\/div><\/article><article id=\"portfolio-1-post-2881\" class=\"fusion-portfolio-post hacia-las-jornadas-universidades fusion-col-spacing post-2881\"><div class=\"fusion-portfolio-content-wrapper\" style=\"border:none;\"><span class=\"entry-title rich-snippet-hidden\">Presentaci\u00f3n de casos cl\u00ednicos: \u201cLa psicosis a\u00fan\u201d &#8211; Universidad de Guayaquil<\/span><span class=\"vcard rich-snippet-hidden\"><span class=\"fn\"><a href=\"https:\/\/jornadasnelcf.com\/xiv\/author\/admin-jornadas\/\" title=\"Entradas de Admin Jornadas\" rel=\"author\">Admin Jornadas<\/a><\/span><\/span><span class=\"updated rich-snippet-hidden\">2024-06-19T16:06:23-03:00<\/span><div  class=\"fusion-image-wrapper\" aria-haspopup=\"true\">\n\t\t\t\t<img decoding=\"async\" width=\"940\" height=\"788\" src=\"https:\/\/jornadasnelcf.com\/xiv\/wp-content\/uploads\/sites\/3\/2024\/06\/UG-Universidad-de-Guayaquil-Ecuador.jpeg\" class=\"attachment-full size-full lazyload wp-post-image\" alt=\"\" srcset=\"data:image\/svg+xml,%3Csvg%20xmlns%3D%27http%3A%2F%2Fwww.w3.org%2F2000%2Fsvg%27%20width%3D%27940%27%20height%3D%27788%27%20viewBox%3D%270%200%20940%20788%27%3E%3Crect%20width%3D%27940%27%20height%3D%27788%27%20fill-opacity%3D%220%22%2F%3E%3C%2Fsvg%3E\" data-orig-src=\"https:\/\/jornadasnelcf.com\/xiv\/wp-content\/uploads\/sites\/3\/2024\/06\/UG-Universidad-de-Guayaquil-Ecuador.jpeg\" data-srcset=\"https:\/\/jornadasnelcf.com\/xiv\/wp-content\/uploads\/sites\/3\/2024\/06\/UG-Universidad-de-Guayaquil-Ecuador-200x168.jpeg 200w, https:\/\/jornadasnelcf.com\/xiv\/wp-content\/uploads\/sites\/3\/2024\/06\/UG-Universidad-de-Guayaquil-Ecuador-400x335.jpeg 400w, https:\/\/jornadasnelcf.com\/xiv\/wp-content\/uploads\/sites\/3\/2024\/06\/UG-Universidad-de-Guayaquil-Ecuador-600x503.jpeg 600w, https:\/\/jornadasnelcf.com\/xiv\/wp-content\/uploads\/sites\/3\/2024\/06\/UG-Universidad-de-Guayaquil-Ecuador-800x671.jpeg 800w, https:\/\/jornadasnelcf.com\/xiv\/wp-content\/uploads\/sites\/3\/2024\/06\/UG-Universidad-de-Guayaquil-Ecuador.jpeg 940w\" data-sizes=\"auto\" \/><div class=\"fusion-rollover\">\n\t<div class=\"fusion-rollover-content\">\n\n\t\t\t\t\n\t\t\n\t\t\t\t\t\t\t\t\t\t\t\t<h4 class=\"fusion-rollover-title\">\n\t\t\t\t\t<a class=\"fusion-rollover-title-link\" href=\"https:\/\/jornadasnelcf.com\/xiv\/our-projects\/presentacion-de-casos-clinicos-la-psicosis-aun-universidad-de-guayaquil\/?portfolioCats=46\">\n\t\t\t\t\t\tPresentaci\u00f3n de casos cl\u00ednicos: \u201cLa psicosis a\u00fan\u201d &#8211; Universidad de Guayaquil\t\t\t\t\t<\/a>\n\t\t\t\t<\/h4>\n\t\t\t\n\t\t\t\t\t\t\t\t\n\t\t\n\t\t\t\t\t\t<a class=\"fusion-link-wrapper\" href=\"https:\/\/jornadasnelcf.com\/xiv\/our-projects\/presentacion-de-casos-clinicos-la-psicosis-aun-universidad-de-guayaquil\/?portfolioCats=46\" aria-label=\"Presentaci\u00f3n de casos cl\u00ednicos: \u201cLa psicosis a\u00fan\u201d &#8211; Universidad de Guayaquil\"><\/a>\n\t<\/div>\n<\/div>\n<\/div>\n<\/div><\/article><\/div><\/div><\/div><\/div><\/div><\/div><\/p>\n","protected":false},"excerpt":{"rendered":"","protected":false},"author":1,"featured_media":0,"parent":2251,"menu_order":2,"comment_status":"closed","ping_status":"closed","template":"","meta":{"footnotes":""},"class_list":["post-2306","page","type-page","status-publish","hentry"],"_links":{"self":[{"href":"https:\/\/jornadasnelcf.com\/xiv\/wp-json\/wp\/v2\/pages\/2306","targetHints":{"allow":["GET"]}}],"collection":[{"href":"https:\/\/jornadasnelcf.com\/xiv\/wp-json\/wp\/v2\/pages"}],"about":[{"href":"https:\/\/jornadasnelcf.com\/xiv\/wp-json\/wp\/v2\/types\/page"}],"author":[{"embeddable":true,"href":"https:\/\/jornadasnelcf.com\/xiv\/wp-json\/wp\/v2\/users\/1"}],"replies":[{"embeddable":true,"href":"https:\/\/jornadasnelcf.com\/xiv\/wp-json\/wp\/v2\/comments?post=2306"}],"version-history":[{"count":17,"href":"https:\/\/jornadasnelcf.com\/xiv\/wp-json\/wp\/v2\/pages\/2306\/revisions"}],"predecessor-version":[{"id":2925,"href":"https:\/\/jornadasnelcf.com\/xiv\/wp-json\/wp\/v2\/pages\/2306\/revisions\/2925"}],"up":[{"embeddable":true,"href":"https:\/\/jornadasnelcf.com\/xiv\/wp-json\/wp\/v2\/pages\/2251"}],"wp:attachment":[{"href":"https:\/\/jornadasnelcf.com\/xiv\/wp-json\/wp\/v2\/media?parent=2306"}],"curies":[{"name":"wp","href":"https:\/\/api.w.org\/{rel}","templated":true}]}}