{"id":3190,"date":"2024-10-11T23:34:04","date_gmt":"2024-10-12T02:34:04","guid":{"rendered":"https:\/\/jornadasnelcf.com\/xiv\/?post_type=avada_portfolio&#038;p=3190"},"modified":"2024-10-18T15:13:51","modified_gmt":"2024-10-18T18:13:51","slug":"la-eficacia-del-psicoanalisis-en-el-tratamiento-de-las-psicosis-universidad-catolica-boliviana-san-pablo","status":"publish","type":"avada_portfolio","link":"https:\/\/jornadasnelcf.com\/xiv\/our-projects\/la-eficacia-del-psicoanalisis-en-el-tratamiento-de-las-psicosis-universidad-catolica-boliviana-san-pablo\/","title":{"rendered":"La eficacia del psicoan\u00e1lisis en el tratamiento de las psicosis &#8211; Universidad Catolica Boliviana San Pablo"},"content":{"rendered":"<p><div class=\"fusion-fullwidth fullwidth-box fusion-builder-row-1 fusion-flex-container has-pattern-background has-mask-background nonhundred-percent-fullwidth non-hundred-percent-height-scrolling\" style=\"--awb-border-radius-top-left:0px;--awb-border-radius-top-right:0px;--awb-border-radius-bottom-right:0px;--awb-border-radius-bottom-left:0px;--awb-flex-wrap:wrap;\" ><div class=\"fusion-builder-row fusion-row fusion-flex-align-items-flex-start fusion-flex-content-wrap\" style=\"max-width:1331.2px;margin-left: calc(-4% \/ 2 );margin-right: calc(-4% \/ 2 );\"><div class=\"fusion-layout-column fusion_builder_column fusion-builder-column-0 fusion_builder_column_1_1 1_1 fusion-flex-column\" style=\"--awb-bg-size:cover;--awb-width-large:100%;--awb-margin-top-large:0px;--awb-spacing-right-large:1.92%;--awb-margin-bottom-large:20px;--awb-spacing-left-large:1.92%;--awb-width-medium:100%;--awb-order-medium:0;--awb-spacing-right-medium:1.92%;--awb-spacing-left-medium:1.92%;--awb-width-small:100%;--awb-order-small:0;--awb-spacing-right-small:1.92%;--awb-spacing-left-small:1.92%;\"><div class=\"fusion-column-wrapper fusion-column-has-shadow fusion-flex-justify-content-flex-start fusion-content-layout-column\"><div class=\"fusion-title title fusion-title-1 fusion-sep-none fusion-title-text fusion-title-size-one\" style=\"--awb-font-size:35px;\"><h1 class=\"fusion-title-heading title-heading-left\" style=\"margin:0;font-size:1em;\">La eficacia del psicoan\u00e1lisis en el tratamiento de las psicosis<\/h1><\/div><div class=\"fusion-text fusion-text-1\"><p>Universidad Catolica Boliviana San Pablo<\/p>\n<\/div><\/div><\/div><\/div><\/div><div class=\"fusion-fullwidth fullwidth-box fusion-builder-row-2 fusion-flex-container has-pattern-background has-mask-background nonhundred-percent-fullwidth non-hundred-percent-height-scrolling\" style=\"--awb-border-radius-top-left:0px;--awb-border-radius-top-right:0px;--awb-border-radius-bottom-right:0px;--awb-border-radius-bottom-left:0px;--awb-flex-wrap:wrap;\" ><div class=\"fusion-builder-row fusion-row fusion-flex-align-items-flex-start fusion-flex-content-wrap\" style=\"max-width:1331.2px;margin-left: calc(-4% \/ 2 );margin-right: calc(-4% \/ 2 );\"><div class=\"fusion-layout-column fusion_builder_column fusion-builder-column-1 fusion_builder_column_1_2 1_2 fusion-flex-column\" style=\"--awb-bg-size:cover;--awb-width-large:50%;--awb-margin-top-large:0px;--awb-spacing-right-large:3.84%;--awb-margin-bottom-large:20px;--awb-spacing-left-large:3.84%;--awb-width-medium:50%;--awb-order-medium:0;--awb-spacing-right-medium:3.84%;--awb-spacing-left-medium:3.84%;--awb-width-small:100%;--awb-order-small:0;--awb-spacing-right-small:1.92%;--awb-spacing-left-small:1.92%;\"><div class=\"fusion-column-wrapper fusion-column-has-shadow fusion-flex-justify-content-flex-start fusion-content-layout-column\"><div class=\"fusion-image-element \" style=\"--awb-caption-title-font-family:var(--h2_typography-font-family);--awb-caption-title-font-weight:var(--h2_typography-font-weight);--awb-caption-title-font-style:var(--h2_typography-font-style);--awb-caption-title-size:var(--h2_typography-font-size);--awb-caption-title-transform:var(--h2_typography-text-transform);--awb-caption-title-line-height:var(--h2_typography-line-height);--awb-caption-title-letter-spacing:var(--h2_typography-letter-spacing);\"><span class=\" fusion-imageframe imageframe-none imageframe-1 hover-type-none\"><img decoding=\"async\" width=\"1080\" height=\"1343\" title=\"UCB afiche 1\" src=\"https:\/\/jornadasnelcf.com\/xiv\/wp-content\/uploads\/sites\/3\/2024\/10\/UCB-afiche-1.jpeg\" data-orig-src=\"https:\/\/jornadasnelcf.com\/xiv\/wp-content\/uploads\/sites\/3\/2024\/10\/UCB-afiche-1.jpeg\" alt class=\"lazyload img-responsive wp-image-3191\" srcset=\"data:image\/svg+xml,%3Csvg%20xmlns%3D%27http%3A%2F%2Fwww.w3.org%2F2000%2Fsvg%27%20width%3D%271080%27%20height%3D%271343%27%20viewBox%3D%270%200%201080%201343%27%3E%3Crect%20width%3D%271080%27%20height%3D%271343%27%20fill-opacity%3D%220%22%2F%3E%3C%2Fsvg%3E\" data-srcset=\"https:\/\/jornadasnelcf.com\/xiv\/wp-content\/uploads\/sites\/3\/2024\/10\/UCB-afiche-1-200x249.jpeg 200w, https:\/\/jornadasnelcf.com\/xiv\/wp-content\/uploads\/sites\/3\/2024\/10\/UCB-afiche-1-400x497.jpeg 400w, https:\/\/jornadasnelcf.com\/xiv\/wp-content\/uploads\/sites\/3\/2024\/10\/UCB-afiche-1-600x746.jpeg 600w, https:\/\/jornadasnelcf.com\/xiv\/wp-content\/uploads\/sites\/3\/2024\/10\/UCB-afiche-1-800x995.jpeg 800w, https:\/\/jornadasnelcf.com\/xiv\/wp-content\/uploads\/sites\/3\/2024\/10\/UCB-afiche-1.jpeg 1080w\" data-sizes=\"auto\" data-orig-sizes=\"(max-width: 820px) 100vw, 800px\" \/><\/span><\/div><div class=\"fusion-separator fusion-full-width-sep\" style=\"align-self: center;margin-left: auto;margin-right: auto;margin-top:20px;margin-bottom:20px;width:100%;\"><\/div><div class=\"fusion-image-element \" style=\"--awb-caption-title-font-family:var(--h2_typography-font-family);--awb-caption-title-font-weight:var(--h2_typography-font-weight);--awb-caption-title-font-style:var(--h2_typography-font-style);--awb-caption-title-size:var(--h2_typography-font-size);--awb-caption-title-transform:var(--h2_typography-text-transform);--awb-caption-title-line-height:var(--h2_typography-line-height);--awb-caption-title-letter-spacing:var(--h2_typography-letter-spacing);\"><span class=\" fusion-imageframe imageframe-none imageframe-2 hover-type-none\"><img decoding=\"async\" width=\"1022\" height=\"1280\" title=\"Imagen de WhatsApp 2024-10-17 a las 21.48.16_cef63476\" src=\"https:\/\/jornadasnelcf.com\/xiv\/wp-content\/uploads\/sites\/3\/2024\/10\/Imagen-de-WhatsApp-2024-10-17-a-las-21.48.16_cef63476.jpg\" data-orig-src=\"https:\/\/jornadasnelcf.com\/xiv\/wp-content\/uploads\/sites\/3\/2024\/10\/Imagen-de-WhatsApp-2024-10-17-a-las-21.48.16_cef63476.jpg\" alt class=\"lazyload img-responsive wp-image-3209\" srcset=\"data:image\/svg+xml,%3Csvg%20xmlns%3D%27http%3A%2F%2Fwww.w3.org%2F2000%2Fsvg%27%20width%3D%271022%27%20height%3D%271280%27%20viewBox%3D%270%200%201022%201280%27%3E%3Crect%20width%3D%271022%27%20height%3D%271280%27%20fill-opacity%3D%220%22%2F%3E%3C%2Fsvg%3E\" data-srcset=\"https:\/\/jornadasnelcf.com\/xiv\/wp-content\/uploads\/sites\/3\/2024\/10\/Imagen-de-WhatsApp-2024-10-17-a-las-21.48.16_cef63476-200x250.jpg 200w, https:\/\/jornadasnelcf.com\/xiv\/wp-content\/uploads\/sites\/3\/2024\/10\/Imagen-de-WhatsApp-2024-10-17-a-las-21.48.16_cef63476-400x501.jpg 400w, https:\/\/jornadasnelcf.com\/xiv\/wp-content\/uploads\/sites\/3\/2024\/10\/Imagen-de-WhatsApp-2024-10-17-a-las-21.48.16_cef63476-600x751.jpg 600w, https:\/\/jornadasnelcf.com\/xiv\/wp-content\/uploads\/sites\/3\/2024\/10\/Imagen-de-WhatsApp-2024-10-17-a-las-21.48.16_cef63476-800x1002.jpg 800w, https:\/\/jornadasnelcf.com\/xiv\/wp-content\/uploads\/sites\/3\/2024\/10\/Imagen-de-WhatsApp-2024-10-17-a-las-21.48.16_cef63476.jpg 1022w\" data-sizes=\"auto\" data-orig-sizes=\"(max-width: 820px) 100vw, 800px\" \/><\/span><\/div><\/div><\/div><div class=\"fusion-layout-column fusion_builder_column fusion-builder-column-2 fusion_builder_column_1_2 1_2 fusion-flex-column\" style=\"--awb-bg-size:cover;--awb-width-large:50%;--awb-margin-top-large:0px;--awb-spacing-right-large:3.84%;--awb-margin-bottom-large:20px;--awb-spacing-left-large:3.84%;--awb-width-medium:50%;--awb-order-medium:0;--awb-spacing-right-medium:3.84%;--awb-spacing-left-medium:3.84%;--awb-width-small:100%;--awb-order-small:0;--awb-spacing-right-small:1.92%;--awb-spacing-left-small:1.92%;\"><div class=\"fusion-column-wrapper fusion-column-has-shadow fusion-flex-justify-content-flex-start fusion-content-layout-column\"><div class=\"fusion-text fusion-text-2\"><p style=\"text-align: justify;\">El 25 y 26 de octubre, se llevaron a cabo las Psicojornadas de la Carrera de Psicolog\u00eda de la Universidad Catolica Boliviana San Pablo. En este marco se organizaron un par de actividades con las que las XIV Jornadas de la NEL se hicieron presentes en la Universidad.<\/p>\n<p style=\"text-align: justify;\">El mi\u00e9rcoles 25, estuvo de invitada Viviana Berger, psicoanalista Miembro de la AMP y de la NEL en CDMX para una conferencia titulada \u201cLa eficacia del psicoan\u00e1lisis en el tratamiento de las psicosis\u201d. Viviana transmiti\u00f3 la experiencia con sujetos internados en instituciones carcelarias mostrando la eficacia del psicoan\u00e1lisis cuando se logra dar la palabra a los sujetos. Tambi\u00e9n comparti\u00f3 con los estudiantes y el p\u00fablico algunos elementos para pensar las psicosis en estos casos donde se da un pasaje al acto violento u homicida. Habl\u00f3 de la importancia de la escucha anal\u00edtica tambi\u00e9n con los profesionales que trabajan en las instituciones carcelarias, mostrando c\u00f3mo es posible hacer un trabajo desde el psicoan\u00e1lisis, con otras disciplinas en una instituci\u00f3n. Este d\u00eda se hizo presente la NEL- La Paz en la Universidad, con la participaci\u00f3n de algunos de sus miembros, asociados y participantes de la Secci\u00f3n.<\/p>\n<p style=\"text-align: justify;\">El jueves 26, Ximena Rojas, asociada de la Secci\u00f3n y Gabriela Urriolagoitia, miembro de la NEL en calidad de docentes de la Carrera de Psicolog\u00eda, participaron de las Psicojornadas en una conversaci\u00f3n cl\u00ednica en la que, a partir de un caso de psicosis presentado por Ximena, se pudieron mostrar distintos elementos subjetivos que ense\u00f1an sobre la l\u00f3gica de la forclusi\u00f3n y sus consecuencias. La conversaci\u00f3n estuvo animada adem\u00e1s por las intervenciones y preguntas de los estudiantes.<\/p>\n<p style=\"text-align: justify;\">Agradecemos a Viviana Berger por acompa\u00f1arnos con su transmisi\u00f3n en las Psicojornadas de la UCB.<\/p>\n<p style=\"text-align: justify;\">Un agradecimiento especial a la Carrera de Psicolog\u00eda y a PSIICO por recibir una actividad preparatoria a las XIV Jornadas de la NEL \u201cEl cuerpo en las psicosis\u201d, en la Universidad<\/p>\n<\/div><div class=\"fusion-separator fusion-full-width-sep\" style=\"align-self: center;margin-left: auto;margin-right: auto;margin-top:10px;margin-bottom:10px;width:100%;\"><\/div><div class=\"awb-gallery-wrapper awb-gallery-wrapper-1 button-span-no\" style=\"--more-btn-alignment:center;\"><div style=\"margin:-5px;--awb-bordersize:0px;\" class=\"fusion-gallery fusion-gallery-container fusion-grid-2 fusion-columns-total-5 fusion-gallery-layout-grid fusion-gallery-1\"><div style=\"padding:5px;\" class=\"fusion-grid-column fusion-gallery-column fusion-gallery-column-2 hover-type-none\"><div class=\"fusion-gallery-image\"><a href=\"https:\/\/jornadasnelcf.com\/xiv\/wp-content\/uploads\/sites\/3\/2024\/10\/UCB-1.jpeg\" rel=\"noreferrer\" data-rel=\"iLightbox[gallery_image_1]\" class=\"fusion-lightbox\" target=\"_self\"><img decoding=\"async\" src=\"https:\/\/jornadasnelcf.com\/xiv\/wp-content\/uploads\/sites\/3\/2024\/10\/UCB-1-460x295.jpeg\" width=\"460\" height=\"295\" alt=\"\" title=\"UCB 1\" aria-label=\"UCB 1\" class=\"img-responsive wp-image-3192 fusion-gallery-image-size-fixed\"  \/><\/a><\/div><\/div><div style=\"padding:5px;\" class=\"fusion-grid-column fusion-gallery-column fusion-gallery-column-2 hover-type-none\"><div class=\"fusion-gallery-image\"><a href=\"https:\/\/jornadasnelcf.com\/xiv\/wp-content\/uploads\/sites\/3\/2024\/10\/UCB-2.jpeg\" rel=\"noreferrer\" data-rel=\"iLightbox[gallery_image_1]\" class=\"fusion-lightbox\" target=\"_self\"><img decoding=\"async\" src=\"https:\/\/jornadasnelcf.com\/xiv\/wp-content\/uploads\/sites\/3\/2024\/10\/UCB-2-460x295.jpeg\" width=\"460\" height=\"295\" alt=\"\" title=\"UCB 2\" aria-label=\"UCB 2\" class=\"img-responsive wp-image-3193 fusion-gallery-image-size-fixed\"  \/><\/a><\/div><\/div><div class=\"clearfix\"><\/div><div style=\"padding:5px;\" class=\"fusion-grid-column fusion-gallery-column fusion-gallery-column-2 hover-type-none\"><div class=\"fusion-gallery-image\"><a href=\"https:\/\/jornadasnelcf.com\/xiv\/wp-content\/uploads\/sites\/3\/2024\/10\/UCB-3.jpeg\" rel=\"noreferrer\" data-rel=\"iLightbox[gallery_image_1]\" class=\"fusion-lightbox\" target=\"_self\"><img decoding=\"async\" src=\"https:\/\/jornadasnelcf.com\/xiv\/wp-content\/uploads\/sites\/3\/2024\/10\/UCB-3-460x295.jpeg\" width=\"460\" height=\"295\" alt=\"\" title=\"UCB 3\" aria-label=\"UCB 3\" class=\"img-responsive wp-image-3194 fusion-gallery-image-size-fixed\"  \/><\/a><\/div><\/div><div style=\"padding:5px;\" class=\"fusion-grid-column fusion-gallery-column fusion-gallery-column-2 hover-type-none\"><div class=\"fusion-gallery-image\"><a href=\"https:\/\/jornadasnelcf.com\/xiv\/wp-content\/uploads\/sites\/3\/2024\/10\/UCB-4.jpeg\" rel=\"noreferrer\" data-rel=\"iLightbox[gallery_image_1]\" class=\"fusion-lightbox\" target=\"_self\"><img decoding=\"async\" src=\"https:\/\/jornadasnelcf.com\/xiv\/wp-content\/uploads\/sites\/3\/2024\/10\/UCB-4-460x295.jpeg\" width=\"460\" height=\"295\" alt=\"\" title=\"UCB 4\" aria-label=\"UCB 4\" class=\"img-responsive wp-image-3195 fusion-gallery-image-size-fixed\"  \/><\/a><\/div><\/div><div class=\"clearfix\"><\/div><div style=\"padding:5px;\" class=\"fusion-grid-column fusion-gallery-column fusion-gallery-column-2 hover-type-none\"><div class=\"fusion-gallery-image\"><a href=\"https:\/\/jornadasnelcf.com\/xiv\/wp-content\/uploads\/sites\/3\/2024\/10\/UCB-5.jpeg\" rel=\"noreferrer\" data-rel=\"iLightbox[gallery_image_1]\" class=\"fusion-lightbox\" target=\"_self\"><img decoding=\"async\" src=\"https:\/\/jornadasnelcf.com\/xiv\/wp-content\/uploads\/sites\/3\/2024\/10\/UCB-5-460x295.jpeg\" width=\"460\" height=\"295\" alt=\"\" title=\"UCB 5\" aria-label=\"UCB 5\" class=\"img-responsive wp-image-3196 fusion-gallery-image-size-fixed\"  \/><\/a><\/div><\/div><\/div><\/div><\/div><\/div><\/div><\/div><\/p>\n","protected":false},"excerpt":{"rendered":"","protected":false},"author":1,"featured_media":3191,"menu_order":0,"comment_status":"open","ping_status":"closed","template":"","format":"standard","meta":{"footnotes":""},"portfolio_category":[46],"portfolio_skills":[],"portfolio_tags":[],"class_list":["post-3190","avada_portfolio","type-avada_portfolio","status-publish","format-standard","has-post-thumbnail","hentry","portfolio_category-hacia-las-jornadas-universidades"],"_links":{"self":[{"href":"https:\/\/jornadasnelcf.com\/xiv\/wp-json\/wp\/v2\/avada_portfolio\/3190","targetHints":{"allow":["GET"]}}],"collection":[{"href":"https:\/\/jornadasnelcf.com\/xiv\/wp-json\/wp\/v2\/avada_portfolio"}],"about":[{"href":"https:\/\/jornadasnelcf.com\/xiv\/wp-json\/wp\/v2\/types\/avada_portfolio"}],"author":[{"embeddable":true,"href":"https:\/\/jornadasnelcf.com\/xiv\/wp-json\/wp\/v2\/users\/1"}],"replies":[{"embeddable":true,"href":"https:\/\/jornadasnelcf.com\/xiv\/wp-json\/wp\/v2\/comments?post=3190"}],"version-history":[{"count":2,"href":"https:\/\/jornadasnelcf.com\/xiv\/wp-json\/wp\/v2\/avada_portfolio\/3190\/revisions"}],"predecessor-version":[{"id":3210,"href":"https:\/\/jornadasnelcf.com\/xiv\/wp-json\/wp\/v2\/avada_portfolio\/3190\/revisions\/3210"}],"wp:featuredmedia":[{"embeddable":true,"href":"https:\/\/jornadasnelcf.com\/xiv\/wp-json\/wp\/v2\/media\/3191"}],"wp:attachment":[{"href":"https:\/\/jornadasnelcf.com\/xiv\/wp-json\/wp\/v2\/media?parent=3190"}],"wp:term":[{"taxonomy":"portfolio_category","embeddable":true,"href":"https:\/\/jornadasnelcf.com\/xiv\/wp-json\/wp\/v2\/portfolio_category?post=3190"},{"taxonomy":"portfolio_skills","embeddable":true,"href":"https:\/\/jornadasnelcf.com\/xiv\/wp-json\/wp\/v2\/portfolio_skills?post=3190"},{"taxonomy":"portfolio_tags","embeddable":true,"href":"https:\/\/jornadasnelcf.com\/xiv\/wp-json\/wp\/v2\/portfolio_tags?post=3190"}],"curies":[{"name":"wp","href":"https:\/\/api.w.org\/{rel}","templated":true}]}}