{"id":3043,"date":"2024-08-04T10:05:05","date_gmt":"2024-08-04T13:05:05","guid":{"rendered":"https:\/\/jornadasnelcf.com\/xiv\/?post_type=avada_portfolio&#038;p=3043"},"modified":"2024-08-04T21:41:06","modified_gmt":"2024-08-05T00:41:06","slug":"el-cuerpo-en-el-arte-y-la-psicosis-universidad-central-de-caracas-venezuela","status":"publish","type":"avada_portfolio","link":"https:\/\/jornadasnelcf.com\/xiv\/our-projects\/el-cuerpo-en-el-arte-y-la-psicosis-universidad-central-de-caracas-venezuela\/","title":{"rendered":"El cuerpo en el arte y la psicosis, Universidad Central de Caracas, Venezuela"},"content":{"rendered":"<p><div class=\"fusion-fullwidth fullwidth-box fusion-builder-row-1 fusion-flex-container has-pattern-background has-mask-background nonhundred-percent-fullwidth non-hundred-percent-height-scrolling\" style=\"--awb-border-radius-top-left:0px;--awb-border-radius-top-right:0px;--awb-border-radius-bottom-right:0px;--awb-border-radius-bottom-left:0px;--awb-flex-wrap:wrap;\" ><div class=\"fusion-builder-row fusion-row fusion-flex-align-items-flex-start fusion-flex-content-wrap\" style=\"max-width:1331.2px;margin-left: calc(-4% \/ 2 );margin-right: calc(-4% \/ 2 );\"><div class=\"fusion-layout-column fusion_builder_column fusion-builder-column-0 fusion_builder_column_1_1 1_1 fusion-flex-column\" style=\"--awb-bg-size:cover;--awb-width-large:100%;--awb-margin-top-large:0px;--awb-spacing-right-large:1.92%;--awb-margin-bottom-large:20px;--awb-spacing-left-large:1.92%;--awb-width-medium:100%;--awb-order-medium:0;--awb-spacing-right-medium:1.92%;--awb-spacing-left-medium:1.92%;--awb-width-small:100%;--awb-order-small:0;--awb-spacing-right-small:1.92%;--awb-spacing-left-small:1.92%;\"><div class=\"fusion-column-wrapper fusion-column-has-shadow fusion-flex-justify-content-flex-start fusion-content-layout-column\"><div class=\"fusion-title title fusion-title-1 fusion-sep-none fusion-title-text fusion-title-size-one\" style=\"--awb-font-size:35px;\"><h1 class=\"fusion-title-heading title-heading-left\" style=\"margin:0;font-size:1em;\">El cuerpo en el arte y la psicosis. Dos perspectivas, m\u00faltiples cuerpos<\/h1><\/div><div class=\"fusion-text fusion-text-1\"><p>Universidad Central de Caracas, Venezuela<\/p>\n<\/div><\/div><\/div><\/div><\/div><div class=\"fusion-fullwidth fullwidth-box fusion-builder-row-2 fusion-flex-container has-pattern-background has-mask-background nonhundred-percent-fullwidth non-hundred-percent-height-scrolling\" style=\"--awb-border-radius-top-left:0px;--awb-border-radius-top-right:0px;--awb-border-radius-bottom-right:0px;--awb-border-radius-bottom-left:0px;--awb-flex-wrap:wrap;\" ><div class=\"fusion-builder-row fusion-row fusion-flex-align-items-flex-start fusion-flex-content-wrap\" style=\"max-width:1331.2px;margin-left: calc(-4% \/ 2 );margin-right: calc(-4% \/ 2 );\"><div class=\"fusion-layout-column fusion_builder_column fusion-builder-column-1 fusion_builder_column_1_2 1_2 fusion-flex-column\" style=\"--awb-bg-size:cover;--awb-width-large:50%;--awb-margin-top-large:0px;--awb-spacing-right-large:3.84%;--awb-margin-bottom-large:20px;--awb-spacing-left-large:3.84%;--awb-width-medium:50%;--awb-order-medium:0;--awb-spacing-right-medium:3.84%;--awb-spacing-left-medium:3.84%;--awb-width-small:100%;--awb-order-small:0;--awb-spacing-right-small:1.92%;--awb-spacing-left-small:1.92%;\"><div class=\"fusion-column-wrapper fusion-column-has-shadow fusion-flex-justify-content-flex-start fusion-content-layout-column\"><div class=\"fusion-image-element \" style=\"--awb-caption-title-font-family:var(--h2_typography-font-family);--awb-caption-title-font-weight:var(--h2_typography-font-weight);--awb-caption-title-font-style:var(--h2_typography-font-style);--awb-caption-title-size:var(--h2_typography-font-size);--awb-caption-title-transform:var(--h2_typography-text-transform);--awb-caption-title-line-height:var(--h2_typography-line-height);--awb-caption-title-letter-spacing:var(--h2_typography-letter-spacing);\"><span class=\" fusion-imageframe imageframe-none imageframe-1 hover-type-none\"><img decoding=\"async\" width=\"1080\" height=\"566\" title=\"AFICHE UNIVERSIDAD CENTRAL CARACAS\" src=\"https:\/\/jornadasnelcf.com\/xiv\/wp-content\/uploads\/sites\/3\/2024\/08\/AFICHE-UNIVERSIDAD-CENTRAL-CARACAS.jpeg\" data-orig-src=\"https:\/\/jornadasnelcf.com\/xiv\/wp-content\/uploads\/sites\/3\/2024\/08\/AFICHE-UNIVERSIDAD-CENTRAL-CARACAS.jpeg\" alt class=\"lazyload img-responsive wp-image-3044\" srcset=\"data:image\/svg+xml,%3Csvg%20xmlns%3D%27http%3A%2F%2Fwww.w3.org%2F2000%2Fsvg%27%20width%3D%271080%27%20height%3D%27566%27%20viewBox%3D%270%200%201080%20566%27%3E%3Crect%20width%3D%271080%27%20height%3D%27566%27%20fill-opacity%3D%220%22%2F%3E%3C%2Fsvg%3E\" data-srcset=\"https:\/\/jornadasnelcf.com\/xiv\/wp-content\/uploads\/sites\/3\/2024\/08\/AFICHE-UNIVERSIDAD-CENTRAL-CARACAS-200x105.jpeg 200w, https:\/\/jornadasnelcf.com\/xiv\/wp-content\/uploads\/sites\/3\/2024\/08\/AFICHE-UNIVERSIDAD-CENTRAL-CARACAS-400x210.jpeg 400w, https:\/\/jornadasnelcf.com\/xiv\/wp-content\/uploads\/sites\/3\/2024\/08\/AFICHE-UNIVERSIDAD-CENTRAL-CARACAS-600x314.jpeg 600w, https:\/\/jornadasnelcf.com\/xiv\/wp-content\/uploads\/sites\/3\/2024\/08\/AFICHE-UNIVERSIDAD-CENTRAL-CARACAS-800x419.jpeg 800w, https:\/\/jornadasnelcf.com\/xiv\/wp-content\/uploads\/sites\/3\/2024\/08\/AFICHE-UNIVERSIDAD-CENTRAL-CARACAS.jpeg 1080w\" data-sizes=\"auto\" data-orig-sizes=\"(max-width: 820px) 100vw, 800px\" \/><\/span><\/div><div class=\"fusion-separator fusion-full-width-sep\" style=\"align-self: center;margin-left: auto;margin-right: auto;margin-top:20px;margin-bottom:20px;width:100%;\"><\/div><div class=\"awb-gallery-wrapper awb-gallery-wrapper-1 button-span-no\" style=\"--more-btn-alignment:center;\"><div style=\"margin:-5px;--awb-bordersize:0px;\" class=\"fusion-gallery fusion-gallery-container fusion-grid-2 fusion-columns-total-12 fusion-gallery-layout-grid fusion-gallery-1\"><div style=\"padding:5px;\" class=\"fusion-grid-column fusion-gallery-column fusion-gallery-column-2 hover-type-none\"><div class=\"fusion-gallery-image\"><a href=\"https:\/\/jornadasnelcf.com\/xiv\/wp-content\/uploads\/sites\/3\/2024\/08\/Imagen1.jpg\" rel=\"noreferrer\" data-rel=\"iLightbox[gallery_image_1]\" class=\"fusion-lightbox\" target=\"_self\"><img decoding=\"async\" src=\"https:\/\/jornadasnelcf.com\/xiv\/wp-content\/uploads\/sites\/3\/2024\/08\/Imagen1-460x295.jpg\" width=\"460\" height=\"295\" alt=\"\" title=\"Imagen1\" aria-label=\"Imagen1\" class=\"img-responsive wp-image-3045 fusion-gallery-image-size-fixed\" srcset=\"https:\/\/jornadasnelcf.com\/xiv\/wp-content\/uploads\/sites\/3\/2024\/08\/Imagen1-460x295.jpg 460w, https:\/\/jornadasnelcf.com\/xiv\/wp-content\/uploads\/sites\/3\/2024\/08\/Imagen1-624x400.jpg 624w\" sizes=\"(max-width: 460px) 100vw, 460px\" \/><\/a><\/div><\/div><div style=\"padding:5px;\" class=\"fusion-grid-column fusion-gallery-column fusion-gallery-column-2 hover-type-none\"><div class=\"fusion-gallery-image\"><a href=\"https:\/\/jornadasnelcf.com\/xiv\/wp-content\/uploads\/sites\/3\/2024\/08\/Imagen2.jpg\" rel=\"noreferrer\" data-rel=\"iLightbox[gallery_image_1]\" class=\"fusion-lightbox\" target=\"_self\"><img decoding=\"async\" src=\"https:\/\/jornadasnelcf.com\/xiv\/wp-content\/uploads\/sites\/3\/2024\/08\/Imagen2-460x295.jpg\" width=\"460\" height=\"295\" alt=\"\" title=\"Imagen2\" aria-label=\"Imagen2\" class=\"img-responsive wp-image-3046 fusion-gallery-image-size-fixed\"  \/><\/a><\/div><\/div><div class=\"clearfix\"><\/div><div style=\"padding:5px;\" class=\"fusion-grid-column fusion-gallery-column fusion-gallery-column-2 hover-type-none\"><div class=\"fusion-gallery-image\"><a href=\"https:\/\/jornadasnelcf.com\/xiv\/wp-content\/uploads\/sites\/3\/2024\/08\/Imagen3.jpg\" rel=\"noreferrer\" data-rel=\"iLightbox[gallery_image_1]\" class=\"fusion-lightbox\" target=\"_self\"><img decoding=\"async\" src=\"https:\/\/jornadasnelcf.com\/xiv\/wp-content\/uploads\/sites\/3\/2024\/08\/Imagen3-460x295.jpg\" width=\"460\" height=\"295\" alt=\"\" title=\"Imagen3\" aria-label=\"Imagen3\" class=\"img-responsive wp-image-3047 fusion-gallery-image-size-fixed\"  \/><\/a><\/div><\/div><div style=\"padding:5px;\" class=\"fusion-grid-column fusion-gallery-column fusion-gallery-column-2 hover-type-none\"><div class=\"fusion-gallery-image\"><a href=\"https:\/\/jornadasnelcf.com\/xiv\/wp-content\/uploads\/sites\/3\/2024\/08\/Imagen4.jpg\" rel=\"noreferrer\" data-rel=\"iLightbox[gallery_image_1]\" class=\"fusion-lightbox\" target=\"_self\"><img decoding=\"async\" src=\"https:\/\/jornadasnelcf.com\/xiv\/wp-content\/uploads\/sites\/3\/2024\/08\/Imagen4-460x295.jpg\" width=\"460\" height=\"295\" alt=\"\" title=\"Imagen4\" aria-label=\"Imagen4\" class=\"img-responsive wp-image-3048 fusion-gallery-image-size-fixed\"  \/><\/a><\/div><\/div><div class=\"clearfix\"><\/div><div style=\"padding:5px;\" class=\"fusion-grid-column fusion-gallery-column fusion-gallery-column-2 hover-type-none\"><div class=\"fusion-gallery-image\"><a href=\"https:\/\/jornadasnelcf.com\/xiv\/wp-content\/uploads\/sites\/3\/2024\/08\/Imagen5.jpg\" rel=\"noreferrer\" data-rel=\"iLightbox[gallery_image_1]\" class=\"fusion-lightbox\" target=\"_self\"><img decoding=\"async\" src=\"https:\/\/jornadasnelcf.com\/xiv\/wp-content\/uploads\/sites\/3\/2024\/08\/Imagen5-460x295.jpg\" width=\"460\" height=\"295\" alt=\"\" title=\"Imagen5\" aria-label=\"Imagen5\" class=\"img-responsive wp-image-3049 fusion-gallery-image-size-fixed\"  \/><\/a><\/div><\/div><div style=\"padding:5px;\" class=\"fusion-grid-column fusion-gallery-column fusion-gallery-column-2 hover-type-none\"><div class=\"fusion-gallery-image\"><a href=\"https:\/\/jornadasnelcf.com\/xiv\/wp-content\/uploads\/sites\/3\/2024\/08\/Imagen6.jpg\" rel=\"noreferrer\" data-rel=\"iLightbox[gallery_image_1]\" class=\"fusion-lightbox\" target=\"_self\"><img decoding=\"async\" src=\"https:\/\/jornadasnelcf.com\/xiv\/wp-content\/uploads\/sites\/3\/2024\/08\/Imagen6-460x295.jpg\" width=\"460\" height=\"295\" alt=\"\" title=\"Imagen6\" aria-label=\"Imagen6\" class=\"img-responsive wp-image-3050 fusion-gallery-image-size-fixed\"  \/><\/a><\/div><\/div><div class=\"clearfix\"><\/div><div style=\"padding:5px;\" class=\"fusion-grid-column fusion-gallery-column fusion-gallery-column-2 hover-type-none\"><div class=\"fusion-gallery-image\"><a href=\"https:\/\/jornadasnelcf.com\/xiv\/wp-content\/uploads\/sites\/3\/2024\/08\/Imagen7.jpg\" rel=\"noreferrer\" data-rel=\"iLightbox[gallery_image_1]\" class=\"fusion-lightbox\" target=\"_self\"><img decoding=\"async\" src=\"https:\/\/jornadasnelcf.com\/xiv\/wp-content\/uploads\/sites\/3\/2024\/08\/Imagen7-460x295.jpg\" width=\"460\" height=\"295\" alt=\"\" title=\"Imagen7\" aria-label=\"Imagen7\" class=\"img-responsive wp-image-3051 fusion-gallery-image-size-fixed\"  \/><\/a><\/div><\/div><div style=\"padding:5px;\" class=\"fusion-grid-column fusion-gallery-column fusion-gallery-column-2 hover-type-none\"><div class=\"fusion-gallery-image\"><a href=\"https:\/\/jornadasnelcf.com\/xiv\/wp-content\/uploads\/sites\/3\/2024\/08\/Imagen8.jpg\" rel=\"noreferrer\" data-rel=\"iLightbox[gallery_image_1]\" class=\"fusion-lightbox\" target=\"_self\"><img decoding=\"async\" src=\"https:\/\/jornadasnelcf.com\/xiv\/wp-content\/uploads\/sites\/3\/2024\/08\/Imagen8-460x295.jpg\" width=\"460\" height=\"295\" alt=\"\" title=\"Imagen8\" aria-label=\"Imagen8\" class=\"img-responsive wp-image-3052 fusion-gallery-image-size-fixed\"  \/><\/a><\/div><\/div><div class=\"clearfix\"><\/div><div style=\"padding:5px;\" class=\"fusion-grid-column fusion-gallery-column fusion-gallery-column-2 hover-type-none\"><div class=\"fusion-gallery-image\"><a href=\"https:\/\/jornadasnelcf.com\/xiv\/wp-content\/uploads\/sites\/3\/2024\/08\/Imagen9.jpg\" rel=\"noreferrer\" data-rel=\"iLightbox[gallery_image_1]\" class=\"fusion-lightbox\" target=\"_self\"><img decoding=\"async\" src=\"https:\/\/jornadasnelcf.com\/xiv\/wp-content\/uploads\/sites\/3\/2024\/08\/Imagen9-460x295.jpg\" width=\"460\" height=\"295\" alt=\"\" title=\"Imagen9\" aria-label=\"Imagen9\" class=\"img-responsive wp-image-3053 fusion-gallery-image-size-fixed\" srcset=\"https:\/\/jornadasnelcf.com\/xiv\/wp-content\/uploads\/sites\/3\/2024\/08\/Imagen9-460x295.jpg 460w, https:\/\/jornadasnelcf.com\/xiv\/wp-content\/uploads\/sites\/3\/2024\/08\/Imagen9-624x400.jpg 624w\" sizes=\"(max-width: 460px) 100vw, 460px\" \/><\/a><\/div><\/div><div style=\"padding:5px;\" class=\"fusion-grid-column fusion-gallery-column fusion-gallery-column-2 hover-type-none\"><div class=\"fusion-gallery-image\"><a href=\"https:\/\/jornadasnelcf.com\/xiv\/wp-content\/uploads\/sites\/3\/2024\/08\/Imagen10.jpg\" rel=\"noreferrer\" data-rel=\"iLightbox[gallery_image_1]\" class=\"fusion-lightbox\" target=\"_self\"><img decoding=\"async\" src=\"https:\/\/jornadasnelcf.com\/xiv\/wp-content\/uploads\/sites\/3\/2024\/08\/Imagen10-460x295.jpg\" width=\"460\" height=\"295\" alt=\"\" title=\"Imagen10\" aria-label=\"Imagen10\" class=\"img-responsive wp-image-3054 fusion-gallery-image-size-fixed\"  \/><\/a><\/div><\/div><div class=\"clearfix\"><\/div><div style=\"padding:5px;\" class=\"fusion-grid-column fusion-gallery-column fusion-gallery-column-2 hover-type-none\"><div class=\"fusion-gallery-image\"><a href=\"https:\/\/jornadasnelcf.com\/xiv\/wp-content\/uploads\/sites\/3\/2024\/08\/Imagen11.jpg\" rel=\"noreferrer\" data-rel=\"iLightbox[gallery_image_1]\" class=\"fusion-lightbox\" target=\"_self\"><img decoding=\"async\" src=\"https:\/\/jornadasnelcf.com\/xiv\/wp-content\/uploads\/sites\/3\/2024\/08\/Imagen11-460x295.jpg\" width=\"460\" height=\"295\" alt=\"\" title=\"Imagen11\" aria-label=\"Imagen11\" class=\"img-responsive wp-image-3055 fusion-gallery-image-size-fixed\" srcset=\"https:\/\/jornadasnelcf.com\/xiv\/wp-content\/uploads\/sites\/3\/2024\/08\/Imagen11-460x295.jpg 460w, https:\/\/jornadasnelcf.com\/xiv\/wp-content\/uploads\/sites\/3\/2024\/08\/Imagen11-624x400.jpg 624w\" sizes=\"(max-width: 460px) 100vw, 460px\" \/><\/a><\/div><\/div><div style=\"padding:5px;\" class=\"fusion-grid-column fusion-gallery-column fusion-gallery-column-2 hover-type-none\"><div class=\"fusion-gallery-image\"><a href=\"https:\/\/jornadasnelcf.com\/xiv\/wp-content\/uploads\/sites\/3\/2024\/08\/Imagen12.jpg\" rel=\"noreferrer\" data-rel=\"iLightbox[gallery_image_1]\" class=\"fusion-lightbox\" target=\"_self\"><img decoding=\"async\" src=\"https:\/\/jornadasnelcf.com\/xiv\/wp-content\/uploads\/sites\/3\/2024\/08\/Imagen12-460x295.jpg\" width=\"460\" height=\"295\" alt=\"\" title=\"Imagen12\" aria-label=\"Imagen12\" class=\"img-responsive wp-image-3056 fusion-gallery-image-size-fixed\" srcset=\"https:\/\/jornadasnelcf.com\/xiv\/wp-content\/uploads\/sites\/3\/2024\/08\/Imagen12-460x295.jpg 460w, https:\/\/jornadasnelcf.com\/xiv\/wp-content\/uploads\/sites\/3\/2024\/08\/Imagen12-624x400.jpg 624w\" sizes=\"(max-width: 460px) 100vw, 460px\" \/><\/a><\/div><\/div><div class=\"clearfix\"><\/div><\/div><\/div><\/div><\/div><div class=\"fusion-layout-column fusion_builder_column fusion-builder-column-2 fusion_builder_column_1_2 1_2 fusion-flex-column\" style=\"--awb-bg-size:cover;--awb-width-large:50%;--awb-margin-top-large:0px;--awb-spacing-right-large:3.84%;--awb-margin-bottom-large:20px;--awb-spacing-left-large:3.84%;--awb-width-medium:50%;--awb-order-medium:0;--awb-spacing-right-medium:3.84%;--awb-spacing-left-medium:3.84%;--awb-width-small:100%;--awb-order-small:0;--awb-spacing-right-small:1.92%;--awb-spacing-left-small:1.92%;\"><div class=\"fusion-column-wrapper fusion-column-has-shadow fusion-flex-justify-content-flex-start fusion-content-layout-column\"><div class=\"fusion-text fusion-text-2\"><p style=\"text-align: justify;\"><strong>Participantes<\/strong>: Pa\u00fal Mata (Miembro de la Nelcf y AMP) Estela Castillo (Miembro bajo condici\u00f3n Nelcf) Audrey Su\u00e1rez (Asociado Nelcf Caracas) y estudiantes de la Escuela de Arte.<\/p>\n<p style=\"text-align: justify;\"><strong>Coordin\u00f3<\/strong>: Frank Loreto (Asociado Nelcf Caracas)<\/p>\n<p style=\"text-align: justify;\">La oportunidad de transmisi\u00f3n de la pr\u00e1ctica psicoanal\u00edtica de orientaci\u00f3n lacaniana en el \u00e1mbito del discurso universitario en Caracas, en el marco de las futuras Jornadas de la NEL cf, <em>sobre El cuerpo en la Psicosis<\/em> fue una experiencia inaugural, porque si bien se consum\u00f3 en este encuentro preparatorio, fue un espacio de investigaci\u00f3n que se fue forjando con los estudiantes de Artes que se interesaron en trabajar el cuerpo en la psicosis, como parte de la materia Introducci\u00f3n a la Psicolog\u00eda del Arte.<\/p>\n<p style=\"text-align: justify;\">En ese sentido la intenci\u00f3n en este acto final era que distintas perspectivas se encontraran, que los analistas practicantes pudieran dar cuenta de lo que saben del cuerpo, el cuerpo en la psicosis y los artistas a trav\u00e9s de sus obras art\u00edsticas pudieran dar cuenta de c\u00f3mo ellos lo captaban.<\/p>\n<p style=\"text-align: justify;\">Los psicoanalistas iniciaron la conversaci\u00f3n, Audrey Su\u00e1rez precis\u00f3 algunos conceptos fundamentales, la transferencia como lo estrat\u00e9gico, el &#8220;saber hacer con el s\u00edntoma&#8221; y la interpretaci\u00f3n como lo epist\u00e9mico. \u00a0As\u00ed mismo, la pol\u00edtica del inconsciente como motor de la investigaci\u00f3n en Psicoan\u00e1lisis. Mencion\u00f3 que es de inter\u00e9s para el Psicoan\u00e1lisis, &#8220;el decir de los sujetos sobre sus cuerpos&#8221;, la forma constituye lo imaginario, la palabra en su poder simb\u00f3lico cobra preponderancia ante la imagen, al pensarnos seres de lenguaje, inmersos en el lenguaje. \u00a0En este sentido, la psicosis en su fuera de discurso, pone en evidencia, lo que se trastoca como efecto, lo que angustia, la forclusi\u00f3n en oposici\u00f3n a la represi\u00f3n. &#8220;El sonido nos habita&#8221;, dicho por nuestro colega Frank Loreto, pero tambi\u00e9n el silencio.<\/p>\n<p style=\"text-align: justify;\">Estela Castillo destac\u00f3 el lugar del analista en el tratamiento con el psic\u00f3tico. Indic\u00f3 que es un lugar discreto, de testigo, secretario, asistente, un semejante para acompa\u00f1arlo, pero no basta con acompa\u00f1ar. Falta precisar en la l\u00f3gica de cada caso, c\u00f3mo el melanc\u00f3lico con su objeto en el bolsillo, hace uso del analista, quien sirve de instrumento, de sost\u00e9n que vivifica al cuerpo ca\u00eddo o de acotador de goce\u00a0en el encuentro con un real sin l\u00edmites.<\/p>\n<p style=\"text-align: justify;\">Se sirvi\u00f3 de una vi\u00f1eta para dar cuenta como un caso de melancol\u00eda que luego de m\u00faltiples hospitalizaciones, diagn\u00f3sticos y pasajes al acto, consigue hacer lazo con un analista, logrando pasar de un cuerpo maltratado, a uno tocado por la divinidad, dentro de una comunidad religiosa, que la amarr\u00f3 por mucho tiempo. \u00a0Entonces si bien no hay un est\u00e1ndar para todos, es importante rastrear las coordenadas l\u00f3gicas del caso que nos permitir\u00e1n maniobrar el lugar del analista.<\/p>\n<p style=\"text-align: justify;\">Pa\u00fal Mata destac\u00f3 la diferencia entre el cuerpo biol\u00f3gico y el cuerpo en psicoan\u00e1lisis. Cuerpo que goza y que identifica al sujeto de una manera particular.\u00a0 Ahora bien, para entender el cuerpo en la psicosis, es importante entender su funcionamiento, porque si bien est\u00e1n fuera de la norma ed\u00edpica, pueden encontrar maneras de anudarse. Es as\u00ed como lo que otros discursos podr\u00edan considerar el delirio como una producci\u00f3n patol\u00f3gica, esta es en realidad el intento de restablecimiento.\u00a0 Porque finalmente la locura como lo se\u00f1ala Guy Briole no tiene la enfermedad mental como partenaire sino la raz\u00f3n.<\/p>\n<p style=\"text-align: justify;\">Los artistas por su parte presentaron dos propuestas. La primera de ellas fue a trav\u00e9s de un collage, demostrando c\u00f3mo la primera aproximaci\u00f3n que tenemos del cuerpo es la imagen, la unidad que implica el cuerpo. Es a partir de la imagen y sus representantes simb\u00f3licos es como podemos dar cuenta del cuerpo. No obstante, c\u00f3mo el collage mostraba, esa imagen estaba compuesta de distintos elementos heterog\u00e9neos que se sobreponen entre s\u00ed y es lo que puede dar la ilusi\u00f3n de unidad, sin embargo, hay ciertos espacios que nos hacen pensar qu\u00e9 hay m\u00e1s all\u00e1 de la misma. En esa misma perspectiva los elementos que se utilizaron para componer el cuerpo a veces eran referentes comunes, como el caso de los ojos, pero para hacer referencia al tronco, usaron como referencia la imagen de un caucho. Esto me hace pensar como el cuerpo no es solamente imaginario, si no tambi\u00e9n hay un componente simb\u00f3lico, que desplaza.<\/p>\n<p style=\"text-align: justify;\">Para dar cuenta del cuerpo en la psicosis, reconocieron que no ten\u00edan referencia de qu\u00e9 se trataba. Luego de quedar capturadas por la expresi\u00f3n de cuerpo fragmentado que sobrevino en espacios de conversaci\u00f3n previos al encuentro, decidieron preparar otro collage, pero esta vez invitaron a alguien del p\u00fablico para que pegara distintas im\u00e1genes referenciales en una cartulina blanca sin ning\u00fan orden preestablecido. El resultado fue seg\u00fan su propuesta, la de un cuerpo fragmentado sin ninguna referencia del otro. Incluso una manera de dar cuenta que la noci\u00f3n de cuerpo, es una referencia singular, puesto que, si hubiese pedido a otra persona la creaci\u00f3n del collage, seguramente hubiera hecho otro distinto.<\/p>\n<p style=\"text-align: justify;\">La otra propuesta fue una danza exploratoria. Surge a partir de las ense\u00f1anzas del artista franc\u00e9s Antonin Artaud en las cuales el di\u00e1logo queda relegado a un segundo plano y se enfatiza el lenguaje gestual, los efectos de sonido y luces, el decorado y el cuerpo apestado por el lenguaje, por los residuos de lo que se dice, como consecuencia de la relaci\u00f3n con el otro. Es as\u00ed como plantearon una danza de a tres, en las cu\u00e1les en alg\u00fan momento hab\u00eda movimientos coordinados entre ellas, pero en otros era como si algo del contacto entre ellas se viera afectado, y ah\u00ed la expresi\u00f3n corporal no pod\u00eda localizarse en un movimiento sincronizado, sino llegaba un l\u00edmite desconocido, como si el cuerpo quisiera deshacerse de la peste. \u00a0La m\u00fasica tambi\u00e9n nos orientaba, es como si el asunto del cuerpo no pudiera ser tratado con el lenguaje, pero si con el sonido.<\/p>\n<p style=\"text-align: justify;\">Es importante hacer referencia no solo a la propuesta art\u00edstica, sino tambi\u00e9n a lo que para una de las participantes signific\u00f3 la creaci\u00f3n de la misma. <em>\u201cFue dif\u00edcil armar esta propuesta, porque no es f\u00e1cil soltarse, armar la comunicaci\u00f3n entre los tres cuerpos, somos cuerpos que funcionan distintos, es dif\u00edcil soltar la historia de cada uno, y dejarse afectar por el trabajo del otro\u2026 en este desencuentro pienso c\u00f3mo se construy\u00f3 mi propio cuerpo\u201d<\/em><\/p>\n<p style=\"text-align: justify;\">Finalmente, m\u00e1s all\u00e1 de los conceptos tratados en las distintas perspectivas, que dejamos al lector y a otro momento los puntos de anclaje, quisiera destacar el efecto vivificador en los m\u00faltiples cuerpos que dej\u00f3 el espacio en cada uno de los participantes. Esperemos que esa vitalidad resuene en las pr\u00f3ximas jornadas, no es garant\u00eda, pero al menos estuvo la apuesta, porque sin vida no hay cuerpo, no hay trabajo.<\/p>\n<p style=\"text-align: justify;\">Frank Loreto<\/p>\n<p style=\"text-align: justify;\">Asociado Nel<em>cf<\/em>-Caracas<\/p>\n<\/div><\/div><\/div><\/div><\/div><\/p>\n","protected":false},"excerpt":{"rendered":"","protected":false},"author":1,"featured_media":3044,"menu_order":0,"comment_status":"open","ping_status":"closed","template":"","format":"standard","meta":{"footnotes":""},"portfolio_category":[46],"portfolio_skills":[],"portfolio_tags":[],"class_list":["post-3043","avada_portfolio","type-avada_portfolio","status-publish","format-standard","has-post-thumbnail","hentry","portfolio_category-hacia-las-jornadas-universidades"],"_links":{"self":[{"href":"https:\/\/jornadasnelcf.com\/xiv\/wp-json\/wp\/v2\/avada_portfolio\/3043","targetHints":{"allow":["GET"]}}],"collection":[{"href":"https:\/\/jornadasnelcf.com\/xiv\/wp-json\/wp\/v2\/avada_portfolio"}],"about":[{"href":"https:\/\/jornadasnelcf.com\/xiv\/wp-json\/wp\/v2\/types\/avada_portfolio"}],"author":[{"embeddable":true,"href":"https:\/\/jornadasnelcf.com\/xiv\/wp-json\/wp\/v2\/users\/1"}],"replies":[{"embeddable":true,"href":"https:\/\/jornadasnelcf.com\/xiv\/wp-json\/wp\/v2\/comments?post=3043"}],"version-history":[{"count":2,"href":"https:\/\/jornadasnelcf.com\/xiv\/wp-json\/wp\/v2\/avada_portfolio\/3043\/revisions"}],"predecessor-version":[{"id":3058,"href":"https:\/\/jornadasnelcf.com\/xiv\/wp-json\/wp\/v2\/avada_portfolio\/3043\/revisions\/3058"}],"wp:featuredmedia":[{"embeddable":true,"href":"https:\/\/jornadasnelcf.com\/xiv\/wp-json\/wp\/v2\/media\/3044"}],"wp:attachment":[{"href":"https:\/\/jornadasnelcf.com\/xiv\/wp-json\/wp\/v2\/media?parent=3043"}],"wp:term":[{"taxonomy":"portfolio_category","embeddable":true,"href":"https:\/\/jornadasnelcf.com\/xiv\/wp-json\/wp\/v2\/portfolio_category?post=3043"},{"taxonomy":"portfolio_skills","embeddable":true,"href":"https:\/\/jornadasnelcf.com\/xiv\/wp-json\/wp\/v2\/portfolio_skills?post=3043"},{"taxonomy":"portfolio_tags","embeddable":true,"href":"https:\/\/jornadasnelcf.com\/xiv\/wp-json\/wp\/v2\/portfolio_tags?post=3043"}],"curies":[{"name":"wp","href":"https:\/\/api.w.org\/{rel}","templated":true}]}}