{"id":2205,"date":"2023-03-18T14:01:49","date_gmt":"2023-03-18T17:01:49","guid":{"rendered":"https:\/\/jornadasnelcf.com\/xiii\/?page_id=2205"},"modified":"2023-06-26T21:57:31","modified_gmt":"2023-06-27T00:57:31","slug":"trabajos","status":"publish","type":"page","link":"https:\/\/jornadasnelcf.com\/xiii\/trabajos\/","title":{"rendered":"TRABAJOS"},"content":{"rendered":"<p><div class=\"fusion-fullwidth fullwidth-box fusion-builder-row-1 fusion-flex-container has-pattern-background has-mask-background nonhundred-percent-fullwidth non-hundred-percent-height-scrolling\" style=\"--awb-border-radius-top-left:0px;--awb-border-radius-top-right:0px;--awb-border-radius-bottom-right:0px;--awb-border-radius-bottom-left:0px;--awb-flex-wrap:wrap;\" ><div class=\"fusion-builder-row fusion-row fusion-flex-align-items-flex-start fusion-flex-content-wrap\" style=\"max-width:1248px;margin-left: calc(-4% \/ 2 );margin-right: calc(-4% \/ 2 );\"><div class=\"fusion-layout-column fusion_builder_column fusion-builder-column-0 fusion_builder_column_1_1 1_1 fusion-flex-column\" style=\"--awb-bg-size:cover;--awb-width-large:100%;--awb-margin-top-large:20px;--awb-spacing-right-large:1.92%;--awb-margin-bottom-large:20px;--awb-spacing-left-large:1.92%;--awb-width-medium:100%;--awb-order-medium:0;--awb-spacing-right-medium:1.92%;--awb-spacing-left-medium:1.92%;--awb-width-small:100%;--awb-order-small:0;--awb-spacing-right-small:1.92%;--awb-spacing-left-small:1.92%;\"><div class=\"fusion-column-wrapper fusion-column-has-shadow fusion-flex-justify-content-flex-start fusion-content-layout-column\"><div class=\"fusion-title title fusion-title-1 fusion-sep-none fusion-title-text fusion-title-size-three\"><h3 class=\"fusion-title-heading title-heading-left\" style=\"margin:0;\">Convocatoria a la presentaci\u00f3n de trabajos<\/h3><\/div><div class=\"fusion-text fusion-text-1\"><p style=\"text-align: justify;\">La Jornada Cl\u00ednica se llevar\u00e1 a cabo el s\u00e1bado 4 de noviembre de 2023 y ser\u00e1 una ocasi\u00f3n privilegiada para que los practicantes concernidos en la pr\u00e1ctica del psicoan\u00e1lisis de orientaci\u00f3n lacaniana que participen de nuestras XIII Jornadas NEL<em>cf<\/em> puedan dar cuenta, con sus trabajos, de las vicisitudes que se presentan en la experiencia anal\u00edtica, de la posici\u00f3n del analista y del efecto de sus intervenciones, de los puntos de dificultad y las soluciones encontradas, a partir de la tem\u00e1tica que nos reunir\u00e1 en esta ocasi\u00f3n, \u201cCortes e interpretaciones\u201d.<\/p>\n<p style=\"text-align: justify;\">Los trabajos deber\u00e1n referirse puntualmente a cuestiones de la pr\u00e1ctica psicoanal\u00edtica; no se admitir\u00e1n trabajos te\u00f3ricos.<\/p>\n<p style=\"text-align: justify;\">Las ponencias son individuales y deber\u00e1n inscribirse en uno de los ejes tem\u00e1ticos que la Comisi\u00f3n Cient\u00edfica propone a modo de orientaci\u00f3n, mismos que adjuntamos al final de esta convocatoria.<\/p>\n<p style=\"text-align: justify;\">En la parte superior izquierda deber\u00e1 anotarse:<\/p>\n<ul style=\"text-align: justify;\">\n<li>T\u00edtulo del trabajo<\/li>\n<li>Nombre y apellido del autor<\/li>\n<li>Ciudad en la que reside y ejerce su pr\u00e1ctica<\/li>\n<li>Secci\u00f3n a la que est\u00e1 vinculado y cu\u00e1l es ese v\u00ednculo (si es miembro, asociado, amigo, participante de CID)<\/li>\n<li>Eje en el que inscribe su trabajo<\/li>\n<\/ul>\n<p style=\"text-align: justify;\">Extensi\u00f3n m\u00e1xima: 6.000 caracteres con espacios. El texto se remitir\u00e1 en formato Word. Tipo de letra Times New Roman 12, a espacio y medio, justificado a la izquierda.<\/p>\n<p style=\"text-align: justify;\">La fecha l\u00edmite para recibir los textos es el 15 de agosto de 2023.<\/p>\n<p style=\"text-align: justify;\">Los textos se remitir\u00e1n a la siguiente direcci\u00f3n: <a href=\"mailto:jornadaclinica13@gmail.com\">jornadaclinica13@gmail.com<\/a><\/p>\n<p style=\"text-align: justify;\">En el asunto (<em>subjecct<\/em>) del correo colocar: APELLIDO, Nombre.<\/p>\n<p style=\"text-align: justify;\"><strong>NOTA:<\/strong> Es requisito estar inscrito en las Jornadas al momento de enviar su trabajo. Pr\u00f3ximamente se dar\u00e1n a conocer detalles del proceso de inscripci\u00f3n. Recordamos, asimismo, que las XIII Jornadas NEL<em>cf<\/em> ser\u00e1n exclusivamente presenciales, en la ciudad de Lima.<\/p>\n<p style=\"text-align: justify;\"><strong>Comisi\u00f3n Cient\u00ed<\/strong><strong>fica<\/strong><\/p>\n<p style=\"text-align: justify;\">Ana Vigan\u00f3 (responsable), Lizbeth Ahumada, Marcela Almanza, Mar\u00eda Hortensia C\u00e1rdenas, Marita Hamann, Mar\u00eda Elena Lora, Alejandro Reinoso.<\/p>\n<p style=\"text-align: justify;\"><strong>Ejes <\/strong><\/p>\n<ol>\n<li style=\"text-align: justify;\">La l\u00f3gica del corte en la sesi\u00f3n anal\u00edtica<\/li>\n<li style=\"text-align: justify;\">Variantes de la interpretaci\u00f3n<\/li>\n<li style=\"text-align: justify;\">La pr\u00e1ctica anal\u00edtica en las instituciones<\/li>\n<li>Intervenciones en la cl\u00ednica de las psicosis y el autismo<\/li>\n<li style=\"text-align: justify;\">Dificultades en el lazo transferencial: aguardar, cortar, interpretar\u2026<\/li>\n<li style=\"text-align: justify;\">Las pol\u00edticas de la identidad y el discurso woke: incidencias en la subjetividad y efectos en la cl\u00ednica.<\/li>\n<\/ol>\n<\/div><div class=\"fusion-separator fusion-full-width-sep\" style=\"align-self: center;margin-left: auto;margin-right: auto;margin-top:20px;margin-bottom:20px;width:100%;\"><\/div><div class=\"fusion-blog-shortcode fusion-blog-shortcode-1 fusion-blog-archive fusion-blog-layout-grid-wrapper fusion-blog-no fusion-blog-no-images\"><style type=\"text\/css\">.fusion-blog-shortcode-1 .fusion-blog-layout-grid .fusion-post-grid{padding:20px;}.fusion-blog-shortcode-1 .fusion-posts-container{margin-left: -20px !important; margin-right:-20px !important;}<\/style><div class=\"fusion-posts-container fusion-posts-container-no fusion-no-meta-info fusion-blog-layout-grid fusion-blog-layout-grid-3 isotope fusion-blog-equal-heights\" data-pages=\"0\" data-grid-col-space=\"40\" style=\"margin: -20px -20px 0;min-height:500px;\"><article id=\"blog-1-post-2498\" class=\"fusion-post-grid post-2498 post type-post status-publish format-standard hentry category-trabajos\">\n<div class=\"fusion-post-wrapper\" style=\"background-color:var(--awb-color4);border:none;\"><div class=\"fusion-post-content-wrapper\" style=\"padding:30px 30px 20px 30px;\"><div class=\"fusion-post-content post-content\"><h2 class=\"blog-shortcode-post-title entry-title\"><a href=\"https:\/\/jornadasnelcf.com\/xiii\/2023\/05\/21\/la-palabra-y-su-interpretacion\/\">La palabra y su interpretaci\u00f3n<\/a><\/h2><div class=\"fusion-post-content-container\"><p>Jos\u00e9 Luis Obaid<\/p><\/div><\/div><\/div><div class=\"fusion-clearfix\"><\/div><\/div>\n<\/article>\n<article id=\"blog-1-post-2494\" class=\"fusion-post-grid post-2494 post type-post status-publish format-standard hentry category-trabajos\">\n<div class=\"fusion-post-wrapper\" style=\"background-color:var(--awb-color4);border:none;\"><div class=\"fusion-post-content-wrapper\" style=\"padding:30px 30px 20px 30px;\"><div class=\"fusion-post-content post-content\"><h2 class=\"blog-shortcode-post-title entry-title\"><a href=\"https:\/\/jornadasnelcf.com\/xiii\/2023\/05\/21\/incidens-que-sobreviene\/\">Inc\u012ddens ~que sobreviene<\/a><\/h2><div class=\"fusion-post-content-container\"><p>Carla Margarita Gonz\u00e1lez<\/p><\/div><\/div><\/div><div class=\"fusion-clearfix\"><\/div><\/div>\n<\/article>\n<article id=\"blog-1-post-2492\" class=\"fusion-post-grid post-2492 post type-post status-publish format-standard hentry category-trabajos\">\n<div class=\"fusion-post-wrapper\" style=\"background-color:var(--awb-color4);border:none;\"><div class=\"fusion-post-content-wrapper\" style=\"padding:30px 30px 20px 30px;\"><div class=\"fusion-post-content post-content\"><h2 class=\"blog-shortcode-post-title entry-title\"><a href=\"https:\/\/jornadasnelcf.com\/xiii\/2023\/05\/21\/un-limite-a-la-interpretacion\/\">Un l\u00edmite a la interpretaci\u00f3n<\/a><\/h2><div class=\"fusion-post-content-container\"><p>Katia \u00c1lvarez Soto<\/p><\/div><\/div><\/div><div class=\"fusion-clearfix\"><\/div><\/div>\n<\/article>\n<div class=\"fusion-clearfix\"><\/div><\/div><\/div><\/div><\/div><\/div><\/div><div class=\"fusion-fullwidth fullwidth-box fusion-builder-row-2 fusion-flex-container has-pattern-background has-mask-background nonhundred-percent-fullwidth non-hundred-percent-height-scrolling\" style=\"--awb-border-radius-top-left:0px;--awb-border-radius-top-right:0px;--awb-border-radius-bottom-right:0px;--awb-border-radius-bottom-left:0px;--awb-margin-top:50px;--awb-margin-bottom:50px;--awb-flex-wrap:wrap;\" ><div class=\"fusion-builder-row fusion-row fusion-flex-align-items-flex-start fusion-flex-content-wrap\" style=\"max-width:1248px;margin-left: calc(-4% \/ 2 );margin-right: calc(-4% \/ 2 );\"><div class=\"fusion-layout-column fusion_builder_column fusion-builder-column-1 fusion_builder_column_1_1 1_1 fusion-flex-column\" style=\"--awb-bg-size:cover;--awb-width-large:100%;--awb-margin-top-large:20px;--awb-spacing-right-large:1.92%;--awb-margin-bottom-large:20px;--awb-spacing-left-large:1.92%;--awb-width-medium:100%;--awb-order-medium:0;--awb-spacing-right-medium:1.92%;--awb-spacing-left-medium:1.92%;--awb-width-small:100%;--awb-order-small:0;--awb-spacing-right-small:1.92%;--awb-spacing-left-small:1.92%;\"><div class=\"fusion-column-wrapper fusion-column-has-shadow fusion-flex-justify-content-flex-start fusion-content-layout-column\"><div class=\"fusion-title title fusion-title-2 fusion-sep-none fusion-title-text fusion-title-size-three\"><h3 class=\"fusion-title-heading title-heading-left\" style=\"margin:0;\">Textos de Orientaci\u00f3n<\/h3><\/div><div class=\"fusion-recent-works fusion-portfolio-element fusion-portfolio fusion-portfolio-1 fusion-portfolio-grid fusion-portfolio-paging-none fusion-portfolio-four fusion-portfolio-no_text fusion-portfolio-rollover fusion-animated\" data-id=\"-rw-1\" data-columns=\"four\" data-animationType=\"fadeInDown\" data-animationDuration=\"0.5\" data-animationOffset=\"top-into-view\"><style type=\"text\/css\">.fusion-portfolio-1 .fusion-portfolio-wrapper .fusion-col-spacing{padding:16.5px;}<\/style><div class=\"fusion-portfolio-wrapper\" id=\"fusion-portfolio-1\" data-picturesize=\"auto\" data-pages=\"0\" style=\"margin:-16.5px;\"><article id=\"portfolio-1-post-2659\" class=\"fusion-portfolio-post textos-de-orientacion fusion-col-spacing post-2659\"><div class=\"fusion-portfolio-content-wrapper\" style=\"border:none;\"><span class=\"entry-title rich-snippet-hidden\">El Tao propio de lo imposible de comunicar<\/span><span class=\"vcard rich-snippet-hidden\"><span class=\"fn\"><a href=\"https:\/\/jornadasnelcf.com\/xiii\/author\/admin-jornadas\/\" title=\"Entradas de Admin Jornadas\" rel=\"author\">Admin Jornadas<\/a><\/span><\/span><span class=\"updated rich-snippet-hidden\">2023-07-24T17:41:11-03:00<\/span><div  class=\"fusion-image-wrapper\" aria-haspopup=\"true\">\n\t\t\t\t<img decoding=\"async\" width=\"1810\" height=\"2560\" src=\"https:\/\/jornadasnelcf.com\/xiii\/wp-content\/uploads\/sites\/2\/2023\/07\/AHUMADA-El-Tao-propio-de-lo-imposible-de-comunicar-scaled.jpg\" class=\"attachment-full size-full lazyload wp-post-image\" alt=\"\" srcset=\"data:image\/svg+xml,%3Csvg%20xmlns%3D%27http%3A%2F%2Fwww.w3.org%2F2000%2Fsvg%27%20width%3D%271810%27%20height%3D%272560%27%20viewBox%3D%270%200%201810%202560%27%3E%3Crect%20width%3D%271810%27%20height%3D%272560%27%20fill-opacity%3D%220%22%2F%3E%3C%2Fsvg%3E\" data-orig-src=\"https:\/\/jornadasnelcf.com\/xiii\/wp-content\/uploads\/sites\/2\/2023\/07\/AHUMADA-El-Tao-propio-de-lo-imposible-de-comunicar-scaled.jpg\" data-srcset=\"https:\/\/jornadasnelcf.com\/xiii\/wp-content\/uploads\/sites\/2\/2023\/07\/AHUMADA-El-Tao-propio-de-lo-imposible-de-comunicar-200x283.jpg 200w, https:\/\/jornadasnelcf.com\/xiii\/wp-content\/uploads\/sites\/2\/2023\/07\/AHUMADA-El-Tao-propio-de-lo-imposible-de-comunicar-400x566.jpg 400w, https:\/\/jornadasnelcf.com\/xiii\/wp-content\/uploads\/sites\/2\/2023\/07\/AHUMADA-El-Tao-propio-de-lo-imposible-de-comunicar-600x849.jpg 600w, https:\/\/jornadasnelcf.com\/xiii\/wp-content\/uploads\/sites\/2\/2023\/07\/AHUMADA-El-Tao-propio-de-lo-imposible-de-comunicar-800x1132.jpg 800w, https:\/\/jornadasnelcf.com\/xiii\/wp-content\/uploads\/sites\/2\/2023\/07\/AHUMADA-El-Tao-propio-de-lo-imposible-de-comunicar-1200x1697.jpg 1200w, https:\/\/jornadasnelcf.com\/xiii\/wp-content\/uploads\/sites\/2\/2023\/07\/AHUMADA-El-Tao-propio-de-lo-imposible-de-comunicar-scaled.jpg 1810w\" data-sizes=\"auto\" \/><div class=\"fusion-rollover\">\n\t<div class=\"fusion-rollover-content\">\n\n\t\t\t\t\t\t\t\t\t\t\t\t\t\t<a class=\"fusion-rollover-link\" href=\"https:\/\/jornadasnelcf.com\/xiii\/portfolio-items\/el-tao-propio-de-lo-imposible-de-comunicar\/?portfolioCats=51\">El Tao propio de lo imposible de comunicar<\/a>\n\t\t\t\n\t\t\t\t\t\t\t\t\n\t\t\n\t\t\t\t\t\t\t\t\t\t\t\t<h4 class=\"fusion-rollover-title\">\n\t\t\t\t\t<a class=\"fusion-rollover-title-link\" href=\"https:\/\/jornadasnelcf.com\/xiii\/portfolio-items\/el-tao-propio-de-lo-imposible-de-comunicar\/?portfolioCats=51\">\n\t\t\t\t\t\tEl Tao propio de lo imposible de comunicar\t\t\t\t\t<\/a>\n\t\t\t\t<\/h4>\n\t\t\t\n\t\t\t\t\t\t\t\t\t\t<div class=\"fusion-rollover-categories\"><a href=\"https:\/\/jornadasnelcf.com\/xiii\/portfolio_category\/textos-de-orientacion\/\" rel=\"tag\">Textos de Orientaci\u00f3n<\/a><\/div>\t\t\t\t\t\n\t\t\n\t\t\t\t\t\t<a class=\"fusion-link-wrapper\" href=\"https:\/\/jornadasnelcf.com\/xiii\/portfolio-items\/el-tao-propio-de-lo-imposible-de-comunicar\/?portfolioCats=51\" aria-label=\"El Tao propio de lo imposible de comunicar\"><\/a>\n\t<\/div>\n<\/div>\n<\/div>\n<\/div><\/article><article id=\"portfolio-1-post-2647\" class=\"fusion-portfolio-post textos-de-orientacion fusion-col-spacing post-2647\"><div class=\"fusion-portfolio-content-wrapper\" style=\"border:none;\"><span class=\"entry-title rich-snippet-hidden\">Corte(s) en la experiencia anal\u00edtica<\/span><span class=\"vcard rich-snippet-hidden\"><span class=\"fn\"><a href=\"https:\/\/jornadasnelcf.com\/xiii\/author\/admin-jornadas\/\" title=\"Entradas de Admin Jornadas\" rel=\"author\">Admin Jornadas<\/a><\/span><\/span><span class=\"updated rich-snippet-hidden\">2023-07-20T18:26:06-03:00<\/span><div  class=\"fusion-image-wrapper\" aria-haspopup=\"true\">\n\t\t\t\t<img decoding=\"async\" width=\"1810\" height=\"2560\" src=\"https:\/\/jornadasnelcf.com\/xiii\/wp-content\/uploads\/sites\/2\/2023\/07\/CORNU-Cortes-en-la-experiencia-analitica-scaled.jpg\" class=\"attachment-full size-full lazyload wp-post-image\" alt=\"\" srcset=\"data:image\/svg+xml,%3Csvg%20xmlns%3D%27http%3A%2F%2Fwww.w3.org%2F2000%2Fsvg%27%20width%3D%271810%27%20height%3D%272560%27%20viewBox%3D%270%200%201810%202560%27%3E%3Crect%20width%3D%271810%27%20height%3D%272560%27%20fill-opacity%3D%220%22%2F%3E%3C%2Fsvg%3E\" data-orig-src=\"https:\/\/jornadasnelcf.com\/xiii\/wp-content\/uploads\/sites\/2\/2023\/07\/CORNU-Cortes-en-la-experiencia-analitica-scaled.jpg\" data-srcset=\"https:\/\/jornadasnelcf.com\/xiii\/wp-content\/uploads\/sites\/2\/2023\/07\/CORNU-Cortes-en-la-experiencia-analitica-200x283.jpg 200w, https:\/\/jornadasnelcf.com\/xiii\/wp-content\/uploads\/sites\/2\/2023\/07\/CORNU-Cortes-en-la-experiencia-analitica-400x566.jpg 400w, https:\/\/jornadasnelcf.com\/xiii\/wp-content\/uploads\/sites\/2\/2023\/07\/CORNU-Cortes-en-la-experiencia-analitica-600x849.jpg 600w, https:\/\/jornadasnelcf.com\/xiii\/wp-content\/uploads\/sites\/2\/2023\/07\/CORNU-Cortes-en-la-experiencia-analitica-800x1132.jpg 800w, https:\/\/jornadasnelcf.com\/xiii\/wp-content\/uploads\/sites\/2\/2023\/07\/CORNU-Cortes-en-la-experiencia-analitica-1200x1697.jpg 1200w, https:\/\/jornadasnelcf.com\/xiii\/wp-content\/uploads\/sites\/2\/2023\/07\/CORNU-Cortes-en-la-experiencia-analitica-scaled.jpg 1810w\" data-sizes=\"auto\" \/><div class=\"fusion-rollover\">\n\t<div class=\"fusion-rollover-content\">\n\n\t\t\t\t\t\t\t\t\t\t\t\t\t\t<a class=\"fusion-rollover-link\" href=\"https:\/\/jornadasnelcf.com\/xiii\/portfolio-items\/cortes-en-la-experiencia-analitica\/?portfolioCats=51\">Corte(s) en la experiencia anal\u00edtica<\/a>\n\t\t\t\n\t\t\t\t\t\t\t\t\n\t\t\n\t\t\t\t\t\t\t\t\t\t\t\t<h4 class=\"fusion-rollover-title\">\n\t\t\t\t\t<a class=\"fusion-rollover-title-link\" href=\"https:\/\/jornadasnelcf.com\/xiii\/portfolio-items\/cortes-en-la-experiencia-analitica\/?portfolioCats=51\">\n\t\t\t\t\t\tCorte(s) en la experiencia anal\u00edtica\t\t\t\t\t<\/a>\n\t\t\t\t<\/h4>\n\t\t\t\n\t\t\t\t\t\t\t\t\t\t<div class=\"fusion-rollover-categories\"><a href=\"https:\/\/jornadasnelcf.com\/xiii\/portfolio_category\/textos-de-orientacion\/\" rel=\"tag\">Textos de Orientaci\u00f3n<\/a><\/div>\t\t\t\t\t\n\t\t\n\t\t\t\t\t\t<a class=\"fusion-link-wrapper\" href=\"https:\/\/jornadasnelcf.com\/xiii\/portfolio-items\/cortes-en-la-experiencia-analitica\/?portfolioCats=51\" aria-label=\"Corte(s) en la experiencia anal\u00edtica\"><\/a>\n\t<\/div>\n<\/div>\n<\/div>\n<\/div><\/article><article id=\"portfolio-1-post-2631\" class=\"fusion-portfolio-post textos-de-orientacion fusion-col-spacing post-2631\"><div class=\"fusion-portfolio-content-wrapper\" style=\"border:none;\"><span class=\"entry-title rich-snippet-hidden\">Lo \u00edntimo y lo \u00e9xtimo. Entre la Escuela y el Pase<\/span><span class=\"vcard rich-snippet-hidden\"><span class=\"fn\"><a href=\"https:\/\/jornadasnelcf.com\/xiii\/author\/admin-jornadas\/\" title=\"Entradas de Admin Jornadas\" rel=\"author\">Admin Jornadas<\/a><\/span><\/span><span class=\"updated rich-snippet-hidden\">2023-07-06T17:36:27-03:00<\/span><div  class=\"fusion-image-wrapper\" aria-haspopup=\"true\">\n\t\t\t\t<img decoding=\"async\" width=\"1810\" height=\"2560\" src=\"https:\/\/jornadasnelcf.com\/xiii\/wp-content\/uploads\/sites\/2\/2023\/07\/REINOSO-Lo-intimo-y-lo-extimo-scaled.jpg\" class=\"attachment-full size-full lazyload wp-post-image\" alt=\"\" srcset=\"data:image\/svg+xml,%3Csvg%20xmlns%3D%27http%3A%2F%2Fwww.w3.org%2F2000%2Fsvg%27%20width%3D%271810%27%20height%3D%272560%27%20viewBox%3D%270%200%201810%202560%27%3E%3Crect%20width%3D%271810%27%20height%3D%272560%27%20fill-opacity%3D%220%22%2F%3E%3C%2Fsvg%3E\" data-orig-src=\"https:\/\/jornadasnelcf.com\/xiii\/wp-content\/uploads\/sites\/2\/2023\/07\/REINOSO-Lo-intimo-y-lo-extimo-scaled.jpg\" data-srcset=\"https:\/\/jornadasnelcf.com\/xiii\/wp-content\/uploads\/sites\/2\/2023\/07\/REINOSO-Lo-intimo-y-lo-extimo-200x283.jpg 200w, https:\/\/jornadasnelcf.com\/xiii\/wp-content\/uploads\/sites\/2\/2023\/07\/REINOSO-Lo-intimo-y-lo-extimo-400x566.jpg 400w, https:\/\/jornadasnelcf.com\/xiii\/wp-content\/uploads\/sites\/2\/2023\/07\/REINOSO-Lo-intimo-y-lo-extimo-600x849.jpg 600w, https:\/\/jornadasnelcf.com\/xiii\/wp-content\/uploads\/sites\/2\/2023\/07\/REINOSO-Lo-intimo-y-lo-extimo-800x1132.jpg 800w, https:\/\/jornadasnelcf.com\/xiii\/wp-content\/uploads\/sites\/2\/2023\/07\/REINOSO-Lo-intimo-y-lo-extimo-1200x1697.jpg 1200w, https:\/\/jornadasnelcf.com\/xiii\/wp-content\/uploads\/sites\/2\/2023\/07\/REINOSO-Lo-intimo-y-lo-extimo-scaled.jpg 1810w\" data-sizes=\"auto\" \/><div class=\"fusion-rollover\">\n\t<div class=\"fusion-rollover-content\">\n\n\t\t\t\t\t\t\t\t\t\t\t\t\t\t<a class=\"fusion-rollover-link\" href=\"https:\/\/jornadasnelcf.com\/xiii\/portfolio-items\/lo-intimo-y-lo-extimo-entre-la-escuela-y-el-pase\/?portfolioCats=51\">Lo \u00edntimo y lo \u00e9xtimo. Entre la Escuela y el Pase<\/a>\n\t\t\t\n\t\t\t\t\t\t\t\t\n\t\t\n\t\t\t\t\t\t\t\t\t\t\t\t<h4 class=\"fusion-rollover-title\">\n\t\t\t\t\t<a class=\"fusion-rollover-title-link\" href=\"https:\/\/jornadasnelcf.com\/xiii\/portfolio-items\/lo-intimo-y-lo-extimo-entre-la-escuela-y-el-pase\/?portfolioCats=51\">\n\t\t\t\t\t\tLo \u00edntimo y lo \u00e9xtimo. Entre la Escuela y el Pase\t\t\t\t\t<\/a>\n\t\t\t\t<\/h4>\n\t\t\t\n\t\t\t\t\t\t\t\t\t\t<div class=\"fusion-rollover-categories\"><a href=\"https:\/\/jornadasnelcf.com\/xiii\/portfolio_category\/textos-de-orientacion\/\" rel=\"tag\">Textos de Orientaci\u00f3n<\/a><\/div>\t\t\t\t\t\n\t\t\n\t\t\t\t\t\t<a class=\"fusion-link-wrapper\" href=\"https:\/\/jornadasnelcf.com\/xiii\/portfolio-items\/lo-intimo-y-lo-extimo-entre-la-escuela-y-el-pase\/?portfolioCats=51\" aria-label=\"Lo \u00edntimo y lo \u00e9xtimo. Entre la Escuela y el Pase\"><\/a>\n\t<\/div>\n<\/div>\n<\/div>\n<\/div><\/article><article id=\"portfolio-1-post-2600\" class=\"fusion-portfolio-post textos-de-orientacion fusion-col-spacing post-2600\"><div class=\"fusion-portfolio-content-wrapper\" style=\"border:none;\"><span class=\"entry-title rich-snippet-hidden\">La interpretaci\u00f3n en la psicosis ordinaria<\/span><span class=\"vcard rich-snippet-hidden\"><span class=\"fn\"><a href=\"https:\/\/jornadasnelcf.com\/xiii\/author\/admin-jornadas\/\" title=\"Entradas de Admin Jornadas\" rel=\"author\">Admin Jornadas<\/a><\/span><\/span><span class=\"updated rich-snippet-hidden\">2023-06-27T10:46:41-03:00<\/span><div  class=\"fusion-image-wrapper\" aria-haspopup=\"true\">\n\t\t\t\t<img decoding=\"async\" width=\"1810\" height=\"2560\" src=\"https:\/\/jornadasnelcf.com\/xiii\/wp-content\/uploads\/sites\/2\/2023\/06\/DEL-CIOPPO-La-interpretacion-en-la-psicosis-ordinaria-scaled.jpg\" class=\"attachment-full size-full lazyload wp-post-image\" alt=\"\" srcset=\"data:image\/svg+xml,%3Csvg%20xmlns%3D%27http%3A%2F%2Fwww.w3.org%2F2000%2Fsvg%27%20width%3D%271810%27%20height%3D%272560%27%20viewBox%3D%270%200%201810%202560%27%3E%3Crect%20width%3D%271810%27%20height%3D%272560%27%20fill-opacity%3D%220%22%2F%3E%3C%2Fsvg%3E\" data-orig-src=\"https:\/\/jornadasnelcf.com\/xiii\/wp-content\/uploads\/sites\/2\/2023\/06\/DEL-CIOPPO-La-interpretacion-en-la-psicosis-ordinaria-scaled.jpg\" data-srcset=\"https:\/\/jornadasnelcf.com\/xiii\/wp-content\/uploads\/sites\/2\/2023\/06\/DEL-CIOPPO-La-interpretacion-en-la-psicosis-ordinaria-200x283.jpg 200w, https:\/\/jornadasnelcf.com\/xiii\/wp-content\/uploads\/sites\/2\/2023\/06\/DEL-CIOPPO-La-interpretacion-en-la-psicosis-ordinaria-400x566.jpg 400w, https:\/\/jornadasnelcf.com\/xiii\/wp-content\/uploads\/sites\/2\/2023\/06\/DEL-CIOPPO-La-interpretacion-en-la-psicosis-ordinaria-600x849.jpg 600w, https:\/\/jornadasnelcf.com\/xiii\/wp-content\/uploads\/sites\/2\/2023\/06\/DEL-CIOPPO-La-interpretacion-en-la-psicosis-ordinaria-800x1132.jpg 800w, https:\/\/jornadasnelcf.com\/xiii\/wp-content\/uploads\/sites\/2\/2023\/06\/DEL-CIOPPO-La-interpretacion-en-la-psicosis-ordinaria-1200x1697.jpg 1200w, https:\/\/jornadasnelcf.com\/xiii\/wp-content\/uploads\/sites\/2\/2023\/06\/DEL-CIOPPO-La-interpretacion-en-la-psicosis-ordinaria-scaled.jpg 1810w\" data-sizes=\"auto\" \/><div class=\"fusion-rollover\">\n\t<div class=\"fusion-rollover-content\">\n\n\t\t\t\t\t\t\t\t\t\t\t\t\t\t<a class=\"fusion-rollover-link\" href=\"https:\/\/jornadasnelcf.com\/xiii\/portfolio-items\/la-interpretacion-en-la-psicosis-ordinaria\/?portfolioCats=51\">La interpretaci\u00f3n en la psicosis ordinaria<\/a>\n\t\t\t\n\t\t\t\t\t\t\t\t\n\t\t\n\t\t\t\t\t\t\t\t\t\t\t\t<h4 class=\"fusion-rollover-title\">\n\t\t\t\t\t<a class=\"fusion-rollover-title-link\" href=\"https:\/\/jornadasnelcf.com\/xiii\/portfolio-items\/la-interpretacion-en-la-psicosis-ordinaria\/?portfolioCats=51\">\n\t\t\t\t\t\tLa interpretaci\u00f3n en la psicosis ordinaria\t\t\t\t\t<\/a>\n\t\t\t\t<\/h4>\n\t\t\t\n\t\t\t\t\t\t\t\t\t\t<div class=\"fusion-rollover-categories\"><a href=\"https:\/\/jornadasnelcf.com\/xiii\/portfolio_category\/textos-de-orientacion\/\" rel=\"tag\">Textos de Orientaci\u00f3n<\/a><\/div>\t\t\t\t\t\n\t\t\n\t\t\t\t\t\t<a class=\"fusion-link-wrapper\" href=\"https:\/\/jornadasnelcf.com\/xiii\/portfolio-items\/la-interpretacion-en-la-psicosis-ordinaria\/?portfolioCats=51\" aria-label=\"La interpretaci\u00f3n en la psicosis ordinaria\"><\/a>\n\t<\/div>\n<\/div>\n<\/div>\n<\/div><\/article><article id=\"portfolio-1-post-2595\" class=\"fusion-portfolio-post textos-de-orientacion fusion-col-spacing post-2595\"><div class=\"fusion-portfolio-content-wrapper\" style=\"border:none;\"><span class=\"entry-title rich-snippet-hidden\">Las patolog\u00edas del lazo y su \u00bfinterpretaci\u00f3n?<\/span><span class=\"vcard rich-snippet-hidden\"><span class=\"fn\"><a href=\"https:\/\/jornadasnelcf.com\/xiii\/author\/admin-jornadas\/\" title=\"Entradas de Admin Jornadas\" rel=\"author\">Admin Jornadas<\/a><\/span><\/span><span class=\"updated rich-snippet-hidden\">2023-06-30T14:10:44-03:00<\/span><div  class=\"fusion-image-wrapper\" aria-haspopup=\"true\">\n\t\t\t\t<img decoding=\"async\" width=\"1810\" height=\"2560\" src=\"https:\/\/jornadasnelcf.com\/xiii\/wp-content\/uploads\/sites\/2\/2023\/06\/HAMANN-Las-patologias-del-lazo-y-su-interpretacion-scaled.jpg\" class=\"attachment-full size-full lazyload wp-post-image\" alt=\"\" srcset=\"data:image\/svg+xml,%3Csvg%20xmlns%3D%27http%3A%2F%2Fwww.w3.org%2F2000%2Fsvg%27%20width%3D%271810%27%20height%3D%272560%27%20viewBox%3D%270%200%201810%202560%27%3E%3Crect%20width%3D%271810%27%20height%3D%272560%27%20fill-opacity%3D%220%22%2F%3E%3C%2Fsvg%3E\" data-orig-src=\"https:\/\/jornadasnelcf.com\/xiii\/wp-content\/uploads\/sites\/2\/2023\/06\/HAMANN-Las-patologias-del-lazo-y-su-interpretacion-scaled.jpg\" data-srcset=\"https:\/\/jornadasnelcf.com\/xiii\/wp-content\/uploads\/sites\/2\/2023\/06\/HAMANN-Las-patologias-del-lazo-y-su-interpretacion-200x283.jpg 200w, https:\/\/jornadasnelcf.com\/xiii\/wp-content\/uploads\/sites\/2\/2023\/06\/HAMANN-Las-patologias-del-lazo-y-su-interpretacion-400x566.jpg 400w, https:\/\/jornadasnelcf.com\/xiii\/wp-content\/uploads\/sites\/2\/2023\/06\/HAMANN-Las-patologias-del-lazo-y-su-interpretacion-600x849.jpg 600w, https:\/\/jornadasnelcf.com\/xiii\/wp-content\/uploads\/sites\/2\/2023\/06\/HAMANN-Las-patologias-del-lazo-y-su-interpretacion-800x1132.jpg 800w, https:\/\/jornadasnelcf.com\/xiii\/wp-content\/uploads\/sites\/2\/2023\/06\/HAMANN-Las-patologias-del-lazo-y-su-interpretacion-1200x1697.jpg 1200w, https:\/\/jornadasnelcf.com\/xiii\/wp-content\/uploads\/sites\/2\/2023\/06\/HAMANN-Las-patologias-del-lazo-y-su-interpretacion-scaled.jpg 1810w\" data-sizes=\"auto\" \/><div class=\"fusion-rollover\">\n\t<div class=\"fusion-rollover-content\">\n\n\t\t\t\t\t\t\t\t\t\t\t\t\t\t<a class=\"fusion-rollover-link\" href=\"https:\/\/jornadasnelcf.com\/xiii\/portfolio-items\/las-patologias-del-lazo-y-su-interpretacion\/?portfolioCats=51\">Las patolog\u00edas del lazo y su \u00bfinterpretaci\u00f3n?<\/a>\n\t\t\t\n\t\t\t\t\t\t\t\t\n\t\t\n\t\t\t\t\t\t\t\t\t\t\t\t<h4 class=\"fusion-rollover-title\">\n\t\t\t\t\t<a class=\"fusion-rollover-title-link\" href=\"https:\/\/jornadasnelcf.com\/xiii\/portfolio-items\/las-patologias-del-lazo-y-su-interpretacion\/?portfolioCats=51\">\n\t\t\t\t\t\tLas patolog\u00edas del lazo y su \u00bfinterpretaci\u00f3n?\t\t\t\t\t<\/a>\n\t\t\t\t<\/h4>\n\t\t\t\n\t\t\t\t\t\t\t\t\t\t<div class=\"fusion-rollover-categories\"><a href=\"https:\/\/jornadasnelcf.com\/xiii\/portfolio_category\/textos-de-orientacion\/\" rel=\"tag\">Textos de Orientaci\u00f3n<\/a><\/div>\t\t\t\t\t\n\t\t\n\t\t\t\t\t\t<a class=\"fusion-link-wrapper\" href=\"https:\/\/jornadasnelcf.com\/xiii\/portfolio-items\/las-patologias-del-lazo-y-su-interpretacion\/?portfolioCats=51\" aria-label=\"Las patolog\u00edas del lazo y su \u00bfinterpretaci\u00f3n?\"><\/a>\n\t<\/div>\n<\/div>\n<\/div>\n<\/div><\/article><\/div><\/div><\/div><\/div><\/div><\/div><\/p>\n","protected":false},"excerpt":{"rendered":"","protected":false},"author":1,"featured_media":0,"parent":0,"menu_order":6,"comment_status":"closed","ping_status":"closed","template":"","meta":{"footnotes":""},"class_list":["post-2205","page","type-page","status-publish","hentry"],"_links":{"self":[{"href":"https:\/\/jornadasnelcf.com\/xiii\/wp-json\/wp\/v2\/pages\/2205","targetHints":{"allow":["GET"]}}],"collection":[{"href":"https:\/\/jornadasnelcf.com\/xiii\/wp-json\/wp\/v2\/pages"}],"about":[{"href":"https:\/\/jornadasnelcf.com\/xiii\/wp-json\/wp\/v2\/types\/page"}],"author":[{"embeddable":true,"href":"https:\/\/jornadasnelcf.com\/xiii\/wp-json\/wp\/v2\/users\/1"}],"replies":[{"embeddable":true,"href":"https:\/\/jornadasnelcf.com\/xiii\/wp-json\/wp\/v2\/comments?post=2205"}],"version-history":[{"count":9,"href":"https:\/\/jornadasnelcf.com\/xiii\/wp-json\/wp\/v2\/pages\/2205\/revisions"}],"predecessor-version":[{"id":2604,"href":"https:\/\/jornadasnelcf.com\/xiii\/wp-json\/wp\/v2\/pages\/2205\/revisions\/2604"}],"wp:attachment":[{"href":"https:\/\/jornadasnelcf.com\/xiii\/wp-json\/wp\/v2\/media?parent=2205"}],"curies":[{"name":"wp","href":"https:\/\/api.w.org\/{rel}","templated":true}]}}